{"id":2979,"date":"2018-09-05T17:10:15","date_gmt":"2018-09-05T23:10:15","guid":{"rendered":"http:\/\/conciencianacional.org\/?page_id=2979"},"modified":"2022-08-17T15:51:21","modified_gmt":"2022-08-17T21:51:21","slug":"biblioteca-digital","status":"publish","type":"page","link":"https:\/\/conciencianacional.org\/?page_id=2979","title":{"rendered":"Biblioteca Digital"},"content":{"rendered":"<p>[vc_row][vc_column][vc_column_text][trx_events scheme=\u00bboriginal\u00bb align=\u00bbleft\u00bb title=\u00bbObras que apoyamos a su investigaci\u00f3n, publicaci\u00f3n y\/o promoci\u00f3n\u00bb cat=\u00bb0&#8243; columns=\u00bb1&#8243; count=\u00bb6&#8243; animation=\u00bbbounceInDown\u00bb][\/vc_column_text][\/vc_column][\/vc_row][vc_row][vc_column width=\u00bb1\/4&#8243;][vc_empty_space][vc_single_image image=\u00bb13737&#8243; img_size=\u00bbfull\u00bb alignment=\u00bbcenter\u00bb style=\u00bbvc_box_shadow\u00bb onclick=\u00bbcustom_link\u00bb img_link_target=\u00bb_blank\u00bb css_animation=\u00bbfadeInLeft\u00bb link=\u00bbhttps:\/\/conciencianacional.mitiendanube.com\/productos\/principio-de-laicidad-y-libertad-religiosa-el-rol-del-estado-en-la-sociedad-plural\/?pf=fbc\u00bb][vc_empty_space][vc_column_text]<\/p>\n<h5 style=\"text-align: center;\">Principio de Laicidad y Libertad Religiosa: El Rol del Estado en la Sociedad Plural<\/h5>\n<p>[\/vc_column_text][vc_empty_space][trx_button style=\u00bbborder\u00bb color_style=\u00bb1&#8243; size=\u00bblarge\u00bb align=\u00bbcenter\u00bb link=\u00bbhttps:\/\/conciencianacional.mitiendanube.com\/productos\/principio-de-laicidad-y-libertad-religiosa-el-rol-del-estado-en-la-sociedad-plural\/?pf=fbc\u00bb target=\u00bbblank\u00bb]COMPRAR[\/trx_button][vc_column_text]<\/p>\n<p style=\"text-align: center;\"><i>Gabriel\u00a0Gonz\u00e1lez Merlano (Coordinador<\/i><i>)<\/i><\/p>\n<p>[\/vc_column_text][\/vc_column][vc_column width=\u00bb1\/4&#8243;][vc_empty_space][vc_single_image image=\u00bb13738&#8243; img_size=\u00bbfull\u00bb alignment=\u00bbcenter\u00bb style=\u00bbvc_box_shadow\u00bb onclick=\u00bbcustom_link\u00bb img_link_target=\u00bb_blank\u00bb css_animation=\u00bbfadeInDown\u00bb link=\u00bbhttps:\/\/conciencianacional.mitiendanube.com\/productos\/libertad-religiosa-laicidad-y-derechos-humanos\/?pf=fbc\u00bb][vc_empty_space][vc_column_text]<\/p>\n<h5 style=\"text-align: center;\">Libertad Religiosa, Laicidad y Derechos Humanos<\/h5>\n<p>[\/vc_column_text][vc_empty_space][trx_button style=\u00bbborder\u00bb color_style=\u00bb1&#8243; size=\u00bblarge\u00bb align=\u00bbcenter\u00bb link=\u00bbhttps:\/\/conciencianacional.mitiendanube.com\/productos\/libertad-religiosa-laicidad-y-derechos-humanos\/?pf=fbc\u00bb target=\u00bbblank\u00bb]COMPRAR[\/trx_button][vc_column_text]<\/p>\n<p style=\"text-align: center;\"><em>Javier Salda\u00f1a Serrano, Carlos Alberto P\u00e9rez cuevas y Alberto Pati\u00f1o Reyes (Coordinadores )<\/em><\/p>\n<p>[\/vc_column_text][\/vc_column][vc_column width=\u00bb1\/4&#8243;][vc_empty_space][vc_single_image image=\u00bb13739&#8243; img_size=\u00bbfull\u00bb alignment=\u00bbcenter\u00bb style=\u00bbvc_box_shadow\u00bb onclick=\u00bbcustom_link\u00bb img_link_target=\u00bb_blank\u00bb css_animation=\u00bbfadeInUp\u00bb link=\u00bbhttps:\/\/conciencianacional.mitiendanube.com\/productos\/saluddesarrollolibre-desarrollo-de-la-personalidad-humana\/?pf=fbc\u00bb][vc_empty_space][vc_column_text]<\/p>\n<h5 style=\"text-align: center;\">Salud, desarrollo y el libre desarrollo de la personalidad humana<\/h5>\n<p>[\/vc_column_text][vc_empty_space][trx_button style=\u00bbborder\u00bb color_style=\u00bb1&#8243; size=\u00bblarge\u00bb align=\u00bbcenter\u00bb link=\u00bbhttps:\/\/conciencianacional.mitiendanube.com\/productos\/saluddesarrollolibre-desarrollo-de-la-personalidad-humana\/?pf=fbc\u00bb target=\u00bbblank\u00bb]COMPRAR[\/trx_button][vc_column_text]<\/p>\n<p style=\"text-align: center;\"><em>Agust\u00edn Antonio Herrera Fragoso (Coordinador)<\/em><\/p>\n<p>[\/vc_column_text][\/vc_column][vc_column width=\u00bb1\/4&#8243;][vc_empty_space][vc_single_image image=\u00bb13740&#8243; img_size=\u00bbfull\u00bb alignment=\u00bbcenter\u00bb style=\u00bbvc_box_shadow\u00bb onclick=\u00bbcustom_link\u00bb img_link_target=\u00bb_blank\u00bb css_animation=\u00bbfadeInRight\u00bb link=\u00bbhttps:\/\/conciencianacional.mitiendanube.com\/productos\/la-objecion-de-conciencia-ante-el-derecho-mexicano-dr-alberto-patino\/?pf=fbc\u00bb][vc_empty_space][vc_column_text]<\/p>\n<h5 style=\"text-align: center;\">La Objeci\u00f3n de Conciencia Ante el Derecho Mexicano<\/h5>\n<p>[\/vc_column_text][vc_empty_space][trx_button style=\u00bbborder\u00bb color_style=\u00bb1&#8243; size=\u00bblarge\u00bb align=\u00bbcenter\u00bb link=\u00bbhttps:\/\/conciencianacional.mitiendanube.com\/productos\/la-objecion-de-conciencia-ante-el-derecho-mexicano-dr-alberto-patino\/?pf=fbc\u00bb target=\u00bbblank\u00bb]COMPRAR[\/trx_button][vc_column_text]<\/p>\n<p style=\"text-align: center;\"><i>Dr. Alberto Pati\u00f1o Reyes<\/i><\/p>\n<p>[\/vc_column_text][\/vc_column][\/vc_row][vc_row css=\u00bb.vc_custom_1536189876812{padding-top: 80px !important;padding-bottom: 80px !important;}\u00bb][vc_column][vc_separator border_width=\u00bb3&#8243; css_animation=\u00bbbottom-to-top\u00bb][\/vc_column][\/vc_row][vc_row][vc_column width=\u00bb1\/4&#8243;][vc_single_image image=\u00bb13742&#8243; img_size=\u00bbfull\u00bb alignment=\u00bbcenter\u00bb style=\u00bbvc_box_shadow\u00bb onclick=\u00bbcustom_link\u00bb img_link_target=\u00bb_blank\u00bb css_animation=\u00bbfadeInLeft\u00bb link=\u00bbhttps:\/\/conciencianacional.mitiendanube.com\/productos\/el-embrion-humano-una-defensa-desde-la-antropologia-la-bioetica-la-biologia-del-desarrollo-y-los-derechos-humanos\/?pf=fbc\u00bb][vc_empty_space][vc_column_text]<\/p>\n<h5 style=\"text-align: center;\">El Embri\u00f3n Humano. Una Defensa Desde La Antropolog\u00eda, La Bio\u00e9tica, La Biolog\u00eda del Desarrollo y los Derechos Humanos<\/h5>\n<p>[\/vc_column_text][vc_empty_space][trx_button style=\u00bbborder\u00bb color_style=\u00bb1&#8243; size=\u00bblarge\u00bb align=\u00bbcenter\u00bb link=\u00bbhttps:\/\/conciencianacional.mitiendanube.com\/productos\/el-embrion-humano-una-defensa-desde-la-antropologia-la-bioetica-la-biologia-del-desarrollo-y-los-derechos-humanos\/?pf=fbc\u00bb target=\u00bbblank\u00bb]COMPRAR[\/trx_button][vc_column_text]<\/p>\n<p style=\"text-align: center;\"><i>Manuel Ramos &#8211; Kuri, Agust\u00edn Herrera Fragoso y Manuel J. Santos<\/i><\/p>\n<p>[\/vc_column_text][\/vc_column][vc_column width=\u00bb1\/4&#8243;][vc_single_image image=\u00bb13743&#8243; img_size=\u00bbfull\u00bb alignment=\u00bbcenter\u00bb style=\u00bbvc_box_shadow\u00bb onclick=\u00bbcustom_link\u00bb img_link_target=\u00bb_blank\u00bb css_animation=\u00bbfadeInDown\u00bb link=\u00bbhttps:\/\/conciencianacional.mitiendanube.com\/productos\/cada-vida-importa\/?pf=fbc\u00bb][vc_empty_space][vc_column_text]<\/p>\n<h5 style=\"text-align: center;\">Cada Vida Importa<\/h5>\n<p>[\/vc_column_text][vc_empty_space][trx_button style=\u00bbborder\u00bb color_style=\u00bb1&#8243; size=\u00bblarge\u00bb align=\u00bbcenter\u00bb link=\u00bbhttps:\/\/conciencianacional.mitiendanube.com\/productos\/cada-vida-importa\/?pf=fbc\u00bb target=\u00bbblank\u00bb]COMPRAR[\/trx_button][vc_column_text]<\/p>\n<p style=\"text-align: center;\"><em>Rebecca Kiessling<\/em><\/p>\n<p>[\/vc_column_text][\/vc_column][vc_column width=\u00bb1\/4&#8243;][vc_single_image image=\u00bb13744&#8243; img_size=\u00bbfull\u00bb alignment=\u00bbcenter\u00bb style=\u00bbvc_box_shadow\u00bb onclick=\u00bbcustom_link\u00bb img_link_target=\u00bb_blank\u00bb css_animation=\u00bbfadeInUp\u00bb link=\u00bbhttps:\/\/conciencianacional.mitiendanube.com\/productos\/de-la-deconstruccion-a-la-confeccion-de-lo-humano-genero-y-derechos-humanos\/?pf=fbc\u00bb][vc_empty_space][vc_column_text]<\/p>\n<h5 style=\"text-align: center;\">De La Deconstrucci\u00f3n A La Confecci\u00f3n De Lo Humano: G\u00e9nero y Derechos Humanos<\/h5>\n<p>[\/vc_column_text][vc_empty_space][trx_button style=\u00bbborder\u00bb color_style=\u00bb1&#8243; size=\u00bblarge\u00bb align=\u00bbcenter\u00bb link=\u00bbhttps:\/\/conciencianacional.mitiendanube.com\/productos\/de-la-deconstruccion-a-la-confeccion-de-lo-humano-genero-y-derechos-humanos\/?pf=fbc\u00bb target=\u00bbblank\u00bb]COMPRAR[\/trx_button][vc_column_text]<\/p>\n<p style=\"text-align: center;\"><em>Oscar Nicasio Lagunes L\u00f3pez y Mauricio Urrea Carrillo (Coordinadores)<\/em><\/p>\n<p>[\/vc_column_text][\/vc_column][vc_column width=\u00bb1\/4&#8243;][vc_single_image image=\u00bb13745&#8243; img_size=\u00bbfull\u00bb alignment=\u00bbcenter\u00bb style=\u00bbvc_box_shadow\u00bb onclick=\u00bbcustom_link\u00bb img_link_target=\u00bb_blank\u00bb css_animation=\u00bbfadeInRight\u00bb link=\u00bbhttps:\/\/conciencianacional.mitiendanube.com\/productos\/eutanasia-cuidados-paliativos-y-atencion-al-final-de-la-vida-dr-agustin-herrera-fragoso\/?pf=fbc\u00bb][vc_empty_space][vc_column_text]<\/p>\n<h5 style=\"text-align: center;\">Eutanasia. Cuidados Paliativos Y Atenci\u00f3n Al Final De La Vida<\/h5>\n<p>[\/vc_column_text][vc_empty_space][trx_button style=\u00bbborder\u00bb color_style=\u00bb1&#8243; size=\u00bblarge\u00bb align=\u00bbcenter\u00bb link=\u00bbhttps:\/\/conciencianacional.mitiendanube.com\/productos\/eutanasia-cuidados-paliativos-y-atencion-al-final-de-la-vida-dr-agustin-herrera-fragoso\/?pf=fbc\u00bb target=\u00bbblank\u00bb]COMPRAR[\/trx_button][vc_column_text]<\/p>\n<p style=\"text-align: center;\"><i>Agust\u00edn Antonio Herrera Fragoso<\/i><\/p>\n<p>[\/vc_column_text][\/vc_column][\/vc_row][vc_row css=\u00bb.vc_custom_1536189876812{padding-top: 80px !important;padding-bottom: 80px !important;}\u00bb][vc_column][vc_separator border_width=\u00bb3&#8243; css_animation=\u00bbbottom-to-top\u00bb][\/vc_column][\/vc_row][vc_row][vc_column width=\u00bb1\/4&#8243;][vc_single_image image=\u00bb13747&#8243; img_size=\u00bbfull\u00bb alignment=\u00bbcenter\u00bb style=\u00bbvc_box_shadow\u00bb onclick=\u00bbcustom_link\u00bb img_link_target=\u00bb_blank\u00bb css_animation=\u00bbfadeInLeft\u00bb link=\u00bbhttps:\/\/conciencianacional.mitiendanube.com\/productos\/objecion-de-conciencia-sanitaria-dr-agustin-herrera-fragoso\/?pf=fbc\u00bb][vc_empty_space][vc_column_text]<\/p>\n<h5 style=\"text-align: center;\">Objeci\u00f3n de Conciencia Sanitaria<\/h5>\n<p>[\/vc_column_text][vc_empty_space][trx_button style=\u00bbborder\u00bb color_style=\u00bb1&#8243; size=\u00bblarge\u00bb align=\u00bbcenter\u00bb link=\u00bbhttps:\/\/conciencianacional.mitiendanube.com\/productos\/objecion-de-conciencia-sanitaria-dr-agustin-herrera-fragoso\/?pf=fbc\u00bb target=\u00bbblank\u00bb]COMPRAR[\/trx_button][vc_column_text]<\/p>\n<p style=\"text-align: center;\"><i>Agust\u00edn Antonio Herrera Fragoso<\/i><\/p>\n<p>[\/vc_column_text][\/vc_column][vc_column width=\u00bb1\/4&#8243;][vc_single_image image=\u00bb13748&#8243; img_size=\u00bbfull\u00bb alignment=\u00bbcenter\u00bb style=\u00bbvc_box_shadow\u00bb onclick=\u00bbcustom_link\u00bb img_link_target=\u00bb_blank\u00bb css_animation=\u00bbfadeInDown\u00bb link=\u00bbhttps:\/\/conciencianacional.mitiendanube.com\/productos\/el-derecho-fundamental-de-libertad-religiosa-en-el-mexico-de-hoy-dr-javier-saldana-serrano\/?pf=fbc\u00bb][vc_empty_space][vc_column_text]<\/p>\n<h5 style=\"text-align: center;\">El Derecho Fundamental De Libertad Religiosa En El M\u00e9xico De Hoy<\/h5>\n<p>[\/vc_column_text][vc_empty_space][trx_button style=\u00bbborder\u00bb color_style=\u00bb1&#8243; size=\u00bblarge\u00bb align=\u00bbcenter\u00bb link=\u00bbhttps:\/\/conciencianacional.mitiendanube.com\/productos\/cada-vida-importa\/?pf=fbc\u00bb target=\u00bbblank\u00bb]COMPRAR[\/trx_button][vc_column_text]<\/p>\n<p style=\"text-align: center;\"><em>Javier Salda\u00f1a Serrano<\/em><\/p>\n<p>[\/vc_column_text][\/vc_column][\/vc_row][vc_row css=\u00bb.vc_custom_1536189876812{padding-top: 80px !important;padding-bottom: 80px !important;}\u00bb][vc_column][vc_separator border_width=\u00bb3&#8243; css_animation=\u00bbbottom-to-top\u00bb][\/vc_column][\/vc_row][vc_row][vc_column][vc_column_text][trx_events scheme=\u00bboriginal\u00bb align=\u00bbleft\u00bb title=\u00bbOtros Recursos \u00bb cat=\u00bb0&#8243; columns=\u00bb1&#8243; count=\u00bb6&#8243; animation=\u00bbbounceInDown\u00bb][\/vc_column_text][\/vc_column][\/vc_row][vc_row][vc_column width=\u00bb1\/4&#8243;][vc_empty_space][vc_single_image image=\u00bb2980&#8243; img_size=\u00bbfull\u00bb alignment=\u00bbcenter\u00bb style=\u00bbvc_box_shadow\u00bb onclick=\u00bbcustom_link\u00bb img_link_target=\u00bb_blank\u00bb css_animation=\u00bbfadeInLeft\u00bb link=\u00bbhttps:\/\/conciencianacional.org\/wp-content\/uploads\/2018\/09\/constitucion-001.pdf\u00bb][vc_empty_space][vc_column_text]<\/p>\n<h5 style=\"text-align: center;\">Constituci\u00f3n Pol\u00edtica de los Estados Unidos Mexicanos<\/h5>\n<p>[\/vc_column_text][vc_empty_space][trx_button style=\u00bbborder\u00bb color_style=\u00bb1&#8243; size=\u00bblarge\u00bb align=\u00bbcenter\u00bb link=\u00bbhttps:\/\/conciencianacional.org\/wp-content\/uploads\/2018\/09\/constitucion-001.pdf\u00bb target=\u00bbblank\u00bb]DESCARGAR[\/trx_button][vc_column_text]<\/p>\n<p style=\"text-align: center;\"><em>Fuente: SCT (\u00a0<a href=\"http:\/\/www.sct.gob.mx\/JURE\/doc\/cpeum.pdf\">www.sct.gob.mx<\/a> )<\/em><\/p>\n<p>[\/vc_column_text][\/vc_column][vc_column width=\u00bb1\/4&#8243;][vc_empty_space][vc_single_image image=\u00bb3016&#8243; img_size=\u00bbfull\u00bb alignment=\u00bbcenter\u00bb style=\u00bbvc_box_shadow\u00bb onclick=\u00bbcustom_link\u00bb img_link_target=\u00bb_blank\u00bb css_animation=\u00bbfadeInDown\u00bb link=\u00bbhttps:\/\/conciencianacional.org\/wp-content\/uploads\/2018\/09\/ProyectoConsCdMex-002.pdf\u00bb][vc_empty_space][vc_column_text]<\/p>\n<h5 style=\"text-align: center;\">Proyecto de Constituci\u00f3n Pol\u00edtica de la Ciudad de M\u00e9xico<\/h5>\n<p>[\/vc_column_text][vc_empty_space][trx_button style=\u00bbborder\u00bb color_style=\u00bb1&#8243; size=\u00bblarge\u00bb align=\u00bbcenter\u00bb link=\u00bbhttps:\/\/conciencianacional.org\/wp-content\/uploads\/2018\/09\/ProyectoConsCdMex-002.pdf\u00bb target=\u00bbblank\u00bb]DESCARGAR[\/trx_button][vc_column_text]<\/p>\n<p style=\"text-align: center;\"><em>Fuente: Gaceta Parlamentaria (\u00a0<a href=\"http:\/\/gaceta.diputados.gob.mx\/ACCM\/DOC\/ProyectoConst15sep.pdf\">www.gaceta.diputados.gob.mx<\/a> )<\/em><\/p>\n<p>[\/vc_column_text][\/vc_column][vc_column width=\u00bb1\/4&#8243;][vc_empty_space][vc_single_image image=\u00bb3017&#8243; img_size=\u00bbfull\u00bb alignment=\u00bbcenter\u00bb style=\u00bbvc_box_shadow\u00bb onclick=\u00bbcustom_link\u00bb img_link_target=\u00bb_blank\u00bb css_animation=\u00bbfadeInUp\u00bb link=\u00bbhttps:\/\/conciencianacional.org\/wp-content\/uploads\/2018\/09\/Iniciativa-del-Ejecutivo-Federal-003.pdf\u00bb][vc_empty_space][vc_column_text]<\/p>\n<h5 style=\"text-align: center;\">Iniciativa para Reforma Constitucional del Ejecutivo Federal<\/h5>\n<p>[\/vc_column_text][vc_empty_space][trx_button style=\u00bbborder\u00bb color_style=\u00bb1&#8243; size=\u00bblarge\u00bb align=\u00bbcenter\u00bb link=\u00bbhttps:\/\/conciencianacional.org\/wp-content\/uploads\/2018\/09\/Iniciativa-del-Ejecutivo-Federal-003.pdf\u00bb target=\u00bbblank\u00bb]DESCARGAR[\/trx_button][vc_column_text]<\/p>\n<p style=\"text-align: center;\"><em>Fuente: Senado de la Rep\u00fablica (\u00a0<a href=\"http:\/\/www.senado.gob.mx\/sgsp\/gaceta\/63\/1\/2016-05-18-1\/assets\/documentos\/Ini_Art4_Cons_Ejecutivo_Fed.pdf\">www.senado.gob.mx<\/a> )<\/em><\/p>\n<p>[\/vc_column_text][\/vc_column][vc_column width=\u00bb1\/4&#8243;][vc_empty_space][vc_single_image image=\u00bb3030&#8243; img_size=\u00bbfull\u00bb alignment=\u00bbcenter\u00bb style=\u00bbvc_box_shadow\u00bb onclick=\u00bbcustom_link\u00bb img_link_target=\u00bb_blank\u00bb css_animation=\u00bbfadeInRight\u00bb link=\u00bbhttps:\/\/conciencianacional.org\/wp-content\/uploads\/2018\/09\/Declaracion-Internacional-de-la-Tolerancia-004.pdf\u00bb][vc_empty_space][vc_column_text]<\/p>\n<h5 style=\"text-align: center;\">Declaraci\u00f3n Internacional de la Tolerancia<\/h5>\n<p>[\/vc_column_text][vc_empty_space][trx_button style=\u00bbborder\u00bb color_style=\u00bb1&#8243; size=\u00bblarge\u00bb align=\u00bbcenter\u00bb link=\u00bbhttps:\/\/conciencianacional.org\/wp-content\/uploads\/2018\/09\/Declaracion-Internacional-de-la-Tolerancia-004.pdf\u00bb target=\u00bbblank\u00bb]DESCARGAR[\/trx_button][vc_column_text]<\/p>\n<p style=\"text-align: center;\"><em>Fuente: UNESCO (\u00a0<a href=\"http:\/\/portal.unesco.org\/es\/ev.php-URL_ID=13175&amp;URL_DO=DO_TOPIC&amp;URL_SECTION=201.html\">www.portal.unesco.org<\/a> )<\/em><\/p>\n<p>[\/vc_column_text][\/vc_column][\/vc_row][vc_row css=\u00bb.vc_custom_1536189876812{padding-top: 80px !important;padding-bottom: 80px !important;}\u00bb][vc_column][vc_separator border_width=\u00bb3&#8243; css_animation=\u00bbbottom-to-top\u00bb][\/vc_column][\/vc_row][vc_row][vc_column width=\u00bb1\/4&#8243;][vc_single_image image=\u00bb3033&#8243; img_size=\u00bbfull\u00bb alignment=\u00bbcenter\u00bb style=\u00bbvc_box_shadow\u00bb onclick=\u00bbcustom_link\u00bb img_link_target=\u00bb_blank\u00bb css_animation=\u00bbfadeInLeft\u00bb link=\u00bbhttps:\/\/conciencianacional.org\/wp-content\/uploads\/2018\/09\/Codigo-Civil-Federal-005.pdf\u00bb][vc_empty_space][vc_column_text]<\/p>\n<h5 style=\"text-align: center;\">C\u00f3digo Civil Federal<\/h5>\n<p>[\/vc_column_text][vc_empty_space][trx_button style=\u00bbborder\u00bb color_style=\u00bb1&#8243; size=\u00bblarge\u00bb align=\u00bbcenter\u00bb link=\u00bbhttps:\/\/conciencianacional.org\/wp-content\/uploads\/2018\/09\/Codigo-Civil-Federal-005.pdf\u00bb target=\u00bbblank\u00bb]DESCARGAR[\/trx_button][vc_column_text]<\/p>\n<p style=\"text-align: center;\"><em>Fuente: C\u00e1mara de Diputados (\u00a0<a href=\"www.diputados.gob.mx\/LeyesBiblio\/pdf\/2_241213.pdf\">www.diputados.gob.mx<\/a> )<\/em><\/p>\n<p>[\/vc_column_text][\/vc_column][vc_column width=\u00bb1\/4&#8243;][vc_single_image image=\u00bb3034&#8243; img_size=\u00bbfull\u00bb alignment=\u00bbcenter\u00bb style=\u00bbvc_box_shadow\u00bb onclick=\u00bbcustom_link\u00bb img_link_target=\u00bb_blank\u00bb css_animation=\u00bbfadeInDown\u00bb link=\u00bbhttps:\/\/conciencianacional.org\/wp-content\/uploads\/2018\/09\/iniciativa-presidencial-codigo-Civil-federal-006.pdf\u00bb][vc_empty_space][vc_column_text]<\/p>\n<h5 style=\"text-align: center;\">Iniciativa para Reforma del C\u00f3digo Civil del Ejecutivo Federal<\/h5>\n<p>[\/vc_column_text][vc_empty_space][trx_button style=\u00bbborder\u00bb color_style=\u00bb1&#8243; size=\u00bblarge\u00bb align=\u00bbcenter\u00bb link=\u00bbhttps:\/\/conciencianacional.org\/wp-content\/uploads\/2018\/09\/iniciativa-presidencial-codigo-Civil-federal-006.pdf\u00bb target=\u00bbblank\u00bb]DESCARGAR[\/trx_button][vc_column_text]<\/p>\n<p style=\"text-align: center;\"><em>Fuente: Gobierno de M\u00e9xico (\u00a0<a href=\"https:\/\/www.gob.mx\/cms\/uploads\/attachment\/file\/92616\/Sharp_reforma_cjef.gob.mx_20160517_164352.compressed.pdf\">www.gob.mx<\/a> )<\/em><\/p>\n<p>[\/vc_column_text][\/vc_column][vc_column width=\u00bb1\/4&#8243;][vc_single_image image=\u00bb3035&#8243; img_size=\u00bbfull\u00bb alignment=\u00bbcenter\u00bb style=\u00bbvc_box_shadow\u00bb onclick=\u00bbcustom_link\u00bb img_link_target=\u00bb_blank\u00bb css_animation=\u00bbfadeInUp\u00bb link=\u00bbhttps:\/\/conciencianacional.org\/wp-content\/uploads\/2018\/09\/Caso-Chapin-y-Charpentier-vs-Franciadocx-007.pdf\u00bb][vc_empty_space][vc_column_text]<\/p>\n<h5 style=\"text-align: center;\">Caso en Cuanto a Matrimonio Igualitario del Tibunal Europeo de Derechos Humanos en Estrasburgo<\/h5>\n<p>[\/vc_column_text][vc_empty_space][trx_button style=\u00bbborder\u00bb color_style=\u00bb1&#8243; size=\u00bblarge\u00bb align=\u00bbcenter\u00bb link=\u00bbhttps:\/\/conciencianacional.org\/wp-content\/uploads\/2018\/09\/Caso-Chapin-y-Charpentier-vs-Franciadocx-007.pdf\u00bb target=\u00bbblank\u00bb]DESCARGAR[\/trx_button][vc_column_text]<\/p>\n<p style=\"text-align: center;\"><em>Fuente: Caso Chapin y Charpentier vs Francia (\u00a0<a href=\"descargas\/Caso Chapin y Charpentier vs Franciadocx.pdf\">Caso Chapin y Charpentier vs Francia<\/a> )<\/em><\/p>\n<p>[\/vc_column_text][\/vc_column][vc_column width=\u00bb1\/4&#8243;][vc_single_image image=\u00bb3039&#8243; img_size=\u00bbfull\u00bb alignment=\u00bbcenter\u00bb style=\u00bbvc_box_shadow\u00bb onclick=\u00bbcustom_link\u00bb img_link_target=\u00bb_blank\u00bb css_animation=\u00bbfadeInRight\u00bb link=\u00bbhttps:\/\/conciencianacional.org\/wp-content\/uploads\/2018\/09\/asun_3358954_20160412_1460474413-008.pdf\u00bb][vc_empty_space][vc_column_text]<\/p>\n<h5 style=\"text-align: center;\">Iniciativa Ciudadana en el Senado para Fortalecer la Familia<\/h5>\n<p>[\/vc_column_text][vc_empty_space][trx_button style=\u00bbborder\u00bb color_style=\u00bb1&#8243; size=\u00bblarge\u00bb align=\u00bbcenter\u00bb link=\u00bbhttps:\/\/conciencianacional.org\/wp-content\/uploads\/2018\/09\/asun_3358954_20160412_1460474413-008.pdf\u00bb target=\u00bbblank\u00bb]DESCARGAR[\/trx_button][vc_column_text]<\/p>\n<p style=\"text-align: center;\"><em>Fuente: SIL &#8211; SEGOB (\u00a0<a href=\"http:\/\/sil.gobernacion.gob.mx\/Archivos\/Documentos\/2016\/04\/asun_3358954_20160412_1460474413.pdf\">www.sil.gobernacion.gob.mx<\/a> )<\/em><\/p>\n<p>[\/vc_column_text][\/vc_column][\/vc_row][vc_row css=\u00bb.vc_custom_1536189876812{padding-top: 80px !important;padding-bottom: 80px !important;}\u00bb][vc_column][vc_separator border_width=\u00bb3&#8243; css_animation=\u00bbbottom-to-top\u00bb][\/vc_column][\/vc_row][vc_row][vc_column width=\u00bb1\/4&#8243;][vc_single_image image=\u00bb3042&#8243; img_size=\u00bbfull\u00bb alignment=\u00bbcenter\u00bb style=\u00bbvc_box_shadow\u00bb onclick=\u00bbcustom_link\u00bb img_link_target=\u00bb_blank\u00bb css_animation=\u00bbfadeInLeft\u00bb link=\u00bbhttps:\/\/conciencianacional.org\/wp-content\/uploads\/2018\/09\/MatrimoniosIgualitarios-009.docx\u00bb][vc_empty_space][vc_column_text]<\/p>\n<h5 style=\"text-align: center;\">Dictamen de Iniciativa del Ejecutivo en Cuanto a la Reforma Constitucional<\/h5>\n<p>[\/vc_column_text][vc_empty_space][trx_button style=\u00bbborder\u00bb color_style=\u00bb1&#8243; size=\u00bblarge\u00bb align=\u00bbcenter\u00bb link=\u00bbhttps:\/\/conciencianacional.org\/wp-content\/uploads\/2018\/09\/MatrimoniosIgualitarios-009.docx\u00bb]DESCARGAR[\/trx_button][vc_column_text]<\/p>\n<p style=\"text-align: center;\"><em>Fuente: Senado de la Rep\u00fablica (\u00a0<a href=\"http:\/\/www.senado.gob.mx\/comisiones\/puntos_constitucionales\/dictamenes.php\">www.senado.gob.mx<\/a> )<\/em><\/p>\n<p>[\/vc_column_text][\/vc_column][vc_column width=\u00bb1\/4&#8243;][vc_single_image image=\u00bb3043&#8243; img_size=\u00bbfull\u00bb alignment=\u00bbcenter\u00bb style=\u00bbvc_box_shadow\u00bb onclick=\u00bbcustom_link\u00bb img_link_target=\u00bb_blank\u00bb css_animation=\u00bbfadeInDown\u00bb link=\u00bbhttps:\/\/conciencianacional.org\/wp-content\/uploads\/2018\/09\/tip_fam_niad-010.pdf\u00bb][vc_empty_space][vc_column_text]<\/p>\n<h5 style=\"text-align: center;\">Tipos de Familia y Bienestar de Ni\u00f1os y Adultos<\/h5>\n<p>[\/vc_column_text][vc_empty_space][trx_button style=\u00bbborder\u00bb color_style=\u00bb1&#8243; size=\u00bblarge\u00bb align=\u00bbcenter\u00bb link=\u00bbhttps:\/\/conciencianacional.org\/wp-content\/uploads\/2018\/09\/tip_fam_niad-010.pdf\u00bb target=\u00bbblank\u00bb]DESCARGAR[\/trx_button][vc_column_text]<\/p>\n<p style=\"text-align: center;\"><em>Fuente: C\u00e1mara de Diputados (\u00a0<a href=\"http:\/\/biblioteca.diputados.gob.mx\/janium\/bv\/md\/LXII\/tip_fam_niad.pdf\">www.diputados.gob.mx<\/a> )<\/em><\/p>\n<p>[\/vc_column_text][\/vc_column][vc_column width=\u00bb1\/4&#8243;][vc_single_image image=\u00bb3044&#8243; img_size=\u00bbfull\u00bb alignment=\u00bbcenter\u00bb style=\u00bbvc_box_shadow\u00bb onclick=\u00bbcustom_link\u00bb img_link_target=\u00bb_blank\u00bb css_animation=\u00bbfadeInUp\u00bb link=\u00bbhttps:\/\/conciencianacional.org\/wp-content\/uploads\/2018\/09\/ArticuloHijos-011.pdf\u00bb][vc_empty_space][vc_column_text]<\/p>\n<h5 style=\"text-align: center;\">Art\u00edculo Educar a Nuestros Hijos<\/h5>\n<p>[\/vc_column_text][vc_empty_space][trx_button style=\u00bbborder\u00bb color_style=\u00bb1&#8243; size=\u00bblarge\u00bb align=\u00bbcenter\u00bb link=\u00bbhttps:\/\/conciencianacional.org\/wp-content\/uploads\/2018\/09\/ArticuloHijos-011.pdf\u00bb target=\u00bbblank\u00bb]DESCARGAR[\/trx_button][vc_column_text]<\/p>\n<p style=\"text-align: center;\"><em>Fuente: Consejo General de la Psicolog\u00eda de Espa\u00f1a (\u00a0<a href=\"http:\/\/www.cop.es\/colegiados\/m-13106\/images\/Art\u00edculoHijos.pdf\"> www.cop.es<\/a> )<\/em><\/p>\n<p>[\/vc_column_text][\/vc_column][vc_column width=\u00bb1\/4&#8243;][vc_single_image image=\u00bb3045&#8243; img_size=\u00bbfull\u00bb alignment=\u00bbcenter\u00bb style=\u00bbvc_box_shadow\u00bb onclick=\u00bbcustom_link\u00bb css_animation=\u00bbfadeInRight\u00bb link=\u00bbhttps:\/\/conciencianacional.org\/wp-content\/uploads\/2018\/09\/LibertadReligiosa-012.pdf\u00bb][vc_empty_space][vc_column_text]<\/p>\n<h5 style=\"text-align: center;\">La Libertad Religiosa como un Derecho Humano<\/h5>\n<p>[\/vc_column_text][vc_empty_space][trx_button style=\u00bbborder\u00bb color_style=\u00bb1&#8243; size=\u00bblarge\u00bb align=\u00bbcenter\u00bb link=\u00bbhttps:\/\/conciencianacional.org\/wp-content\/uploads\/2018\/09\/LibertadReligiosa-012.pdf\u00bb target=\u00bbblank\u00bb]DESCARGAR[\/trx_button][vc_column_text]<\/p>\n<p style=\"text-align: center;\"><em>Fuente: Ministerio de Justicia y Derechos Humanos de Argentina (\u00a0<a href=\"http:\/\/www.biblioteca.jus.gov.ar\/LibertadReligiosa.pdf\">www.jus.gov.ar<\/a> )<\/em><\/p>\n<p>[\/vc_column_text][\/vc_column][\/vc_row][vc_row css=\u00bb.vc_custom_1536189876812{padding-top: 80px !important;padding-bottom: 80px !important;}\u00bb][vc_column][vc_separator border_width=\u00bb3&#8243; css_animation=\u00bbbottom-to-top\u00bb][\/vc_column][\/vc_row][vc_row][vc_column width=\u00bb1\/4&#8243;][vc_single_image image=\u00bb3051&#8243; img_size=\u00bbfull\u00bb alignment=\u00bbcenter\u00bb style=\u00bbvc_box_shadow\u00bb onclick=\u00bbcustom_link\u00bb img_link_target=\u00bb_blank\u00bb css_animation=\u00bbfadeInLeft\u00bb link=\u00bbhttps:\/\/conciencianacional.org\/wp-content\/uploads\/2018\/09\/Leydeasociacionesreligiosas-013.pdf\u00bb][vc_empty_space][vc_column_text]<\/p>\n<h5 style=\"text-align: center;\">Ley de Asociaciones Religiosas y Culto P\u00fablico<\/h5>\n<p>[\/vc_column_text][vc_empty_space][trx_button style=\u00bbborder\u00bb color_style=\u00bb1&#8243; size=\u00bblarge\u00bb align=\u00bbcenter\u00bb link=\u00bbhttps:\/\/conciencianacional.org\/wp-content\/uploads\/2018\/09\/Leydeasociacionesreligiosas-013.pdf\u00bb target=\u00bbblank\u00bb]DESCARGAR[\/trx_button][vc_column_text]<\/p>\n<p style=\"text-align: center;\"><em>Fuente: C\u00e1mara de Diputados (\u00a0<a href=\"http:\/\/www.diputados.gob.mx\/LeyesBiblio\/pdf\/24_171215.pdf\">www.diputados.gob.mx<\/a> )<\/em><\/p>\n<p>[\/vc_column_text][\/vc_column][vc_column width=\u00bb1\/4&#8243;][vc_single_image image=\u00bb3053&#8243; img_size=\u00bbfull\u00bb alignment=\u00bbcenter\u00bb style=\u00bbvc_box_shadow\u00bb onclick=\u00bbcustom_link\u00bb img_link_target=\u00bb_blank\u00bb css_animation=\u00bbfadeInDown\u00bb link=\u00bbhttps:\/\/conciencianacional.org\/wp-content\/uploads\/2018\/09\/Panorama-014.pdf\u00bb][vc_empty_space][vc_column_text]<\/p>\n<h5 style=\"text-align: center;\">Panorama de las religiones en M\u00e9xico 2010<\/h5>\n<p>[\/vc_column_text][vc_empty_space][trx_button style=\u00bbborder\u00bb color_style=\u00bb1&#8243; size=\u00bblarge\u00bb align=\u00bbcenter\u00bb link=\u00bbhttps:\/\/conciencianacional.org\/wp-content\/uploads\/2018\/09\/Panorama-014.pdf\u00bb target=\u00bbblank\u00bb]DESCARGAR[\/trx_button][vc_column_text]<\/p>\n<p style=\"text-align: center;\"><em>Fuente: Asociaciones Religiosas (\u00a0<a href=\"http:\/\/www.asociacionesreligiosas.gob.mx\/work\/models\/AsociacionesReligiosas\/pdf\/Varios\/Panorama.pdf\">www.asociacionesreligiosas.gob.mx<\/a> )<\/em><\/p>\n<p>[\/vc_column_text][\/vc_column][vc_column width=\u00bb1\/4&#8243;][vc_single_image image=\u00bb3055&#8243; img_size=\u00bbfull\u00bb alignment=\u00bbcenter\u00bb style=\u00bbvc_box_shadow\u00bb onclick=\u00bbcustom_link\u00bb css_animation=\u00bbfadeInUp\u00bb link=\u00bbhttp:\/\/www.asociacionesreligiosas.gob.mx\/work\/models\/AsociacionesReligiosas\/Resource\/34\/5\/images\/www\/index.html\u00bb][vc_empty_space][vc_column_text]<\/p>\n<h5 style=\"text-align: center;\">Religi\u00f3n y Libertad en los ni\u00f1os de M\u00e9xico<\/h5>\n<p>[\/vc_column_text][vc_empty_space][trx_button style=\u00bbborder\u00bb color_style=\u00bb1&#8243; size=\u00bblarge\u00bb align=\u00bbcenter\u00bb link=\u00bbhttp:\/\/www.asociacionesreligiosas.gob.mx\/work\/models\/AsociacionesReligiosas\/Resource\/34\/5\/images\/www\/index.html\u00bb target=\u00bbblank\u00bb]DESCARGAR[\/trx_button][vc_column_text]<\/p>\n<p style=\"text-align: center;\"><em>Fuente: Asociaciones Religiosas (\u00a0<a href=\"http:\/\/www.asociacionesreligiosas.gob.mx\/work\/models\/AsociacionesReligiosas\/Resource\/34\/5\/images\/www\/index.html\">www.asociacionesreligiosas.gob.mx<\/a> )<\/em><\/p>\n<p>[\/vc_column_text][\/vc_column][vc_column width=\u00bb1\/4&#8243;][vc_single_image image=\u00bb3056&#8243; img_size=\u00bbfull\u00bb alignment=\u00bbcenter\u00bb style=\u00bbvc_box_shadow\u00bb onclick=\u00bbcustom_link\u00bb img_link_target=\u00bb_blank\u00bb css_animation=\u00bbfadeInRight\u00bb link=\u00bbhttps:\/\/biblio.juridicas.unam.mx\/bjv\/detalle-libro\/494-diez-anos-de-vigencia-de-la-ley-de-asociaciones-religiosas-y-culto-publico-en-mexico-1992-2002&#8243;][vc_empty_space][vc_column_text]<\/p>\n<h5 style=\"text-align: center;\">Diez a\u00f1os de vigencia de la Ley de Asociaciones Religiosas y Culto P\u00fablico en M\u00e9xico<\/h5>\n<p>[\/vc_column_text][vc_empty_space][trx_button style=\u00bbborder\u00bb color_style=\u00bb1&#8243; size=\u00bblarge\u00bb align=\u00bbcenter\u00bb link=\u00bbhttps:\/\/biblio.juridicas.unam.mx\/bjv\/detalle-libro\/494-diez-anos-de-vigencia-de-la-ley-de-asociaciones-religiosas-y-culto-publico-en-mexico-1992-2002&#8243; target=\u00bbblank\u00bb]DESCARGAR[\/trx_button][vc_column_text]<\/p>\n<p style=\"text-align: center;\"><em>Fuente: UNAM (\u00a0<a href=\"https:\/\/biblio.juridicas.unam.mx\/bjv\/detalle-libro\/494-diez-anos-de-vigencia-de-la-ley-de-asociaciones-religiosas-y-culto-publico-en-mexico-1992-2002\">www.juridicas.unam.mx<\/a> )<\/em><\/p>\n<p>[\/vc_column_text][\/vc_column][\/vc_row][vc_row css=\u00bb.vc_custom_1536189876812{padding-top: 80px !important;padding-bottom: 80px !important;}\u00bb][vc_column][vc_separator border_width=\u00bb3&#8243; css_animation=\u00bbbottom-to-top\u00bb][\/vc_column][\/vc_row][vc_row][vc_column width=\u00bb1\/4&#8243;][vc_single_image image=\u00bb3058&#8243; img_size=\u00bbfull\u00bb alignment=\u00bbcenter\u00bb style=\u00bbvc_box_shadow\u00bb onclick=\u00bbcustom_link\u00bb img_link_target=\u00bb_blank\u00bb css_animation=\u00bbfadeInLeft\u00bb link=\u00bbhttps:\/\/conciencianacional.org\/wp-content\/uploads\/2018\/09\/Mem_4-017.pdf\u00bb][vc_empty_space][vc_column_text]<\/p>\n<h5 style=\"text-align: center;\">Memoria del Foro Internacional sobre Libertad Religiosa<\/h5>\n<p>[\/vc_column_text][vc_empty_space][trx_button style=\u00bbborder\u00bb color_style=\u00bb1&#8243; size=\u00bblarge\u00bb align=\u00bbcenter\u00bb link=\u00bbhttps:\/\/conciencianacional.org\/wp-content\/uploads\/2018\/09\/Mem_4-017.pdf\u00bb target=\u00bbblank\u00bb]DESCARGAR[\/trx_button][vc_column_text]<\/p>\n<p style=\"text-align: center;\"><em>Fuente: Asociaciones Religiosas (\u00a0<a href=\"http:\/\/www.asociacionesreligiosas.gob.mx\/en\/AsociacionesReligiosas\/Publicaciones\">www.asociacionesreligiosas.gob.mx<\/a> )<\/em><\/p>\n<p>[\/vc_column_text][\/vc_column][vc_column width=\u00bb1\/4&#8243;][vc_single_image image=\u00bb3060&#8243; img_size=\u00bbfull\u00bb alignment=\u00bbcenter\u00bb style=\u00bbvc_box_shadow\u00bb onclick=\u00bbcustom_link\u00bb img_link_target=\u00bb_blank\u00bb css_animation=\u00bbfadeInDown\u00bb link=\u00bbhttps:\/\/conciencianacional.org\/wp-content\/uploads\/2018\/09\/DiversidadReligiosa-019.pdf\u00bb][vc_empty_space][vc_column_text]<\/p>\n<h5 style=\"text-align: center;\">La Diversidad Religiosa en M\u00e9xico<\/h5>\n<p>[\/vc_column_text][vc_empty_space][trx_button style=\u00bbborder\u00bb color_style=\u00bb1&#8243; size=\u00bblarge\u00bb align=\u00bbcenter\u00bb link=\u00bbhttps:\/\/conciencianacional.org\/wp-content\/uploads\/2018\/09\/DiversidadReligiosa-019.pdf\u00bb target=\u00bbblank\u00bb]DESCARGAR[\/trx_button][vc_column_text]<\/p>\n<p style=\"text-align: center;\"><em>Fuente: Asociaciones Religiosas (\u00a0<a href=\"http:\/\/www.asociacionesreligiosas.gob.mx\/work\/models\/AsociacionesReligiosas\/Resource\/34\/5\/images\/DiversidadReligiosa.pdf\">www.asociacionesreligiosas.gob.mx<\/a> )<\/em><\/p>\n<p>[\/vc_column_text][\/vc_column][vc_column width=\u00bb1\/4&#8243;][vc_single_image image=\u00bb3062&#8243; img_size=\u00bbfull\u00bb alignment=\u00bbcenter\u00bb style=\u00bbvc_box_shadow\u00bb onclick=\u00bbcustom_link\u00bb css_animation=\u00bbfadeInUp\u00bb link=\u00bbhttp:\/\/www.asociacionesreligiosas.gob.mx\/es\/AsociacionesReligiosas\/Atlas_de_la_Diversidad_Religiosa_en_Mexico\u00bb][vc_empty_space][vc_column_text]<\/p>\n<h5 style=\"text-align: center;\">Atlas de la Diversidad Religiosa en M\u00e9xico<\/h5>\n<p>[\/vc_column_text][vc_empty_space][trx_button style=\u00bbborder\u00bb color_style=\u00bb1&#8243; size=\u00bblarge\u00bb align=\u00bbcenter\u00bb link=\u00bbhttp:\/\/www.asociacionesreligiosas.gob.mx\/es\/AsociacionesReligiosas\/Atlas_de_la_Diversidad_Religiosa_en_Mexico\u00bb]DESCARGAR[\/trx_button][vc_column_text]<\/p>\n<p style=\"text-align: center;\"><em>Fuente: Asociaciones Religiosas (\u00a0<a href=\"http:\/\/www.asociacionesreligiosas.gob.mx\/es\/AsociacionesReligiosas\/Atlas_de_la_Diversidad_Religiosa_en_Mexico\">www.asociacionesreligiosas.gob.mx<\/a> )<\/em><\/p>\n<p>[\/vc_column_text][\/vc_column][vc_column width=\u00bb1\/4&#8243;][vc_single_image image=\u00bb3063&#8243; img_size=\u00bbfull\u00bb alignment=\u00bbcenter\u00bb style=\u00bbvc_box_shadow\u00bb onclick=\u00bbcustom_link\u00bb img_link_target=\u00bb_blank\u00bb css_animation=\u00bbfadeInRight\u00bb link=\u00bbhttps:\/\/conciencianacional.org\/wp-content\/uploads\/2018\/09\/Laicidad_y_Libertad_de_Religion-022.pdf\u00bb][vc_empty_space][vc_column_text]<\/p>\n<h5 style=\"text-align: center;\">Laicidad y Libertad de Religi\u00f3n<\/h5>\n<p>[\/vc_column_text][vc_empty_space][trx_button style=\u00bbborder\u00bb color_style=\u00bb1&#8243; size=\u00bblarge\u00bb align=\u00bbcenter\u00bb link=\u00bbhttps:\/\/conciencianacional.org\/wp-content\/uploads\/2018\/09\/Laicidad_y_Libertad_de_Religion-022.pdf\u00bb target=\u00bbblank\u00bb]DESCARGAR[\/trx_button][vc_column_text]<\/p>\n<p style=\"text-align: center;\"><em>Fuente: Congreso de la Rep\u00fablica de Per\u00fa (\u00a0<a href=\"http:\/\/www2.congreso.gob.pe\/sicr\/cendocbib\/con4_uibd.nsf\/1C9CFEBF95697E5405257C6F00757CF5\/$FILE\/Laicidad_y_Libertad_de_Religion.pdf\">www.congreso.gob.pe<\/a> )<\/em><\/p>\n<p>[\/vc_column_text][\/vc_column][\/vc_row][vc_row css=\u00bb.vc_custom_1536189876812{padding-top: 80px !important;padding-bottom: 80px !important;}\u00bb][vc_column][vc_separator border_width=\u00bb3&#8243; css_animation=\u00bbbottom-to-top\u00bb][\/vc_column][\/vc_row][vc_row][vc_column width=\u00bb1\/4&#8243;][vc_single_image image=\u00bb3654&#8243; img_size=\u00bbfull\u00bb alignment=\u00bbcenter\u00bb style=\u00bbvc_box_shadow\u00bb onclick=\u00bbcustom_link\u00bb img_link_target=\u00bb_blank\u00bb css_animation=\u00bbfadeInLeft\u00bb link=\u00bbhttps:\/\/conciencianacional.org\/wp-content\/uploads\/2018\/09\/19744219013-023.pdf\u00bb][vc_empty_space][vc_column_text]<\/p>\n<h5 style=\"text-align: center;\">\u00c9tica de las creencias y defensa legal<\/h5>\n<p>[\/vc_column_text][vc_empty_space][trx_button style=\u00bbborder\u00bb color_style=\u00bb1&#8243; size=\u00bblarge\u00bb align=\u00bbcenter\u00bb link=\u00bbhttps:\/\/conciencianacional.org\/wp-content\/uploads\/2018\/09\/19744219013-023.pdf\u00bb target=\u00bbblank\u00bb]DESCARGAR[\/trx_button][vc_column_text]<\/p>\n<p style=\"text-align: center;\"><em>Fuente: Red de Revistas Cient\u00edficas de Am\u00e9rica Latina y el Caribe, Espa\u00f1a y Portugal (\u00a0<a href=\"http:\/\/www.redalyc.org\/pdf\/197\/19744219013.pdf\">www.redalyc.org<\/a> )<\/em><\/p>\n<p>[\/vc_column_text][\/vc_column][vc_column width=\u00bb1\/4&#8243;][vc_single_image image=\u00bb3656&#8243; img_size=\u00bbfull\u00bb alignment=\u00bbcenter\u00bb style=\u00bbvc_box_shadow\u00bb onclick=\u00bbcustom_link\u00bb img_link_target=\u00bb_blank\u00bb css_animation=\u00bbfadeInDown\u00bb link=\u00bbhttps:\/\/conciencianacional.org\/wp-content\/uploads\/2018\/09\/r34480-024.pdf\u00bb][vc_empty_space][vc_column_text]<\/p>\n<h5 style=\"text-align: center;\">Libertad religiosa y debido proceso legal<\/h5>\n<p>[\/vc_column_text][vc_empty_space][trx_button style=\u00bbborder\u00bb color_style=\u00bb1&#8243; size=\u00bblarge\u00bb align=\u00bbcenter\u00bb link=\u00bbhttps:\/\/conciencianacional.org\/wp-content\/uploads\/2018\/09\/r34480-024.pdf\u00bb target=\u00bbblank\u00bb]DESCARGAR[\/trx_button][vc_column_text]<\/p>\n<p style=\"text-align: center;\"><em>Fuente: Corte Interamericana de Derechos Humanos (\u00a0<a href=\"http:\/\/www.corteidh.or.cr\/tablas\/r34480.pdf\">www.corteidh.or.cr\/<\/a> )<\/em><\/p>\n<p>[\/vc_column_text][\/vc_column][vc_column width=\u00bb1\/4&#8243;][vc_single_image image=\u00bb3658&#8243; img_size=\u00bbfull\u00bb alignment=\u00bbcenter\u00bb style=\u00bbvc_box_shadow\u00bb onclick=\u00bbcustom_link\u00bb img_link_target=\u00bb_blank\u00bb css_animation=\u00bbfadeInUp\u00bb link=\u00bbhttps:\/\/conciencianacional.org\/wp-content\/uploads\/2018\/09\/fas_CPCDH13-026.pdf\u00bb][vc_empty_space][vc_column_text]<\/p>\n<h5 style=\"text-align: center;\">Libertad Religiosa en M\u00e9xico, CNDH.<\/h5>\n<p>[\/vc_column_text][vc_empty_space][trx_button style=\u00bbborder\u00bb color_style=\u00bb1&#8243; size=\u00bblarge\u00bb align=\u00bbcenter\u00bb link=\u00bbhttps:\/\/conciencianacional.org\/wp-content\/uploads\/2018\/09\/fas_CPCDH13-026.pdf\u00bb target=\u00bbblank\u00bb]DESCARGAR[\/trx_button][vc_column_text]<\/p>\n<p style=\"text-align: center;\"><em>Fuente: Comisi\u00f3n Nacional de Los Derechos Humanos (\u00a0<a href=\"http:\/\/www.cndh.org.mx\/biblioteca\/archivos\/pdfs\/fas_CPCDH13.pdf\">www.cndh.org.mx\/<\/a> )<\/em><\/p>\n<p>[\/vc_column_text][\/vc_column][vc_column width=\u00bb1\/4&#8243;][vc_single_image image=\u00bb3660&#8243; img_size=\u00bbfull\u00bb alignment=\u00bbcenter\u00bb style=\u00bbvc_box_shadow\u00bb onclick=\u00bbcustom_link\u00bb img_link_target=\u00bb_blank\u00bb css_animation=\u00bbfadeInRight\u00bb link=\u00bbhttps:\/\/conciencianacional.org\/wp-content\/uploads\/2018\/09\/r31648-027.pdf\u00bb][vc_empty_space][vc_column_text]<\/p>\n<h5 style=\"text-align: center;\">La Libertad Religiosa<\/h5>\n<p>[\/vc_column_text][vc_empty_space][trx_button style=\u00bbborder\u00bb color_style=\u00bb1&#8243; size=\u00bblarge\u00bb align=\u00bbcenter\u00bb link=\u00bbhttps:\/\/conciencianacional.org\/wp-content\/uploads\/2018\/09\/r31648-027.pdf\u00bb target=\u00bbblank\u00bb]DESCARGAR[\/trx_button][vc_column_text]<\/p>\n<p style=\"text-align: center;\"><em>Fuente: Corte Interamericana de Derechos Humanos (\u00a0<a href=\"http:\/\/www.corteidh.or.cr\/tablas\/r31648.pdf\">www.corteidh.or.cr<\/a> )<\/em><\/p>\n<p>[\/vc_column_text][\/vc_column][\/vc_row][vc_row css=\u00bb.vc_custom_1536189876812{padding-top: 80px !important;padding-bottom: 80px !important;}\u00bb][vc_column][vc_separator border_width=\u00bb3&#8243; css_animation=\u00bbbottom-to-top\u00bb][\/vc_column][\/vc_row][vc_row][vc_column width=\u00bb1\/4&#8243;][vc_single_image image=\u00bb3663&#8243; img_size=\u00bbfull\u00bb alignment=\u00bbcenter\u00bb style=\u00bbvc_box_shadow\u00bb onclick=\u00bbcustom_link\u00bb img_link_target=\u00bb_blank\u00bb css_animation=\u00bbfadeInLeft\u00bb link=\u00bbhttp:\/\/www.rifrem.mx\/wp-content\/uploads\/2017\/04\/INFORME-DE-RESULTADOS-EncuestaNacionalMexicoCreenciasyPracticasReligiosas-2017-04.pdf\u00bb][vc_empty_space][vc_column_text]<\/p>\n<h5 style=\"text-align: center;\">La libertad religiosa en el Sistema Interamericano de Protecci\u00f3n de los Derechos Humanos<\/h5>\n<p>[\/vc_column_text][vc_empty_space][trx_button style=\u00bbborder\u00bb color_style=\u00bb1&#8243; size=\u00bblarge\u00bb align=\u00bbcenter\u00bb link=\u00bbhttp:\/\/www.rifrem.mx\/wp-content\/uploads\/2017\/04\/INFORME-DE-RESULTADOS-EncuestaNacionalMexicoCreenciasyPracticasReligiosas-2017-04.pdf\u00bb]DESCARGAR[\/trx_button][vc_column_text]<\/p>\n<p style=\"text-align: center;\"><em>Fuente: Scientific Electronic Library Online (\u00a0<a href=\"http:\/\/www.scielo.org.co\/pdf\/rdes\/n29\/n29a08.pdf\">www.scielo.org.co<\/a> )<\/em><\/p>\n<p>[\/vc_column_text][\/vc_column][vc_column width=\u00bb1\/4&#8243;][vc_single_image image=\u00bb3664&#8243; img_size=\u00bbfull\u00bb alignment=\u00bbcenter\u00bb style=\u00bbvc_box_shadow\u00bb onclick=\u00bbcustom_link\u00bb img_link_target=\u00bb_blank\u00bb css_animation=\u00bbfadeInDown\u00bb link=\u00bbhttps:\/\/conciencianacional.org\/wp-content\/uploads\/2018\/09\/r31649-029.pdf\u00bb][vc_empty_space][vc_column_text]<\/p>\n<h5 style=\"text-align: center;\">La consagraci\u00f3n del derecho humano a la objeci\u00f3n de conciencia al servicio militar obligatorio<\/h5>\n<p>[\/vc_column_text][vc_empty_space][trx_button style=\u00bbborder\u00bb color_style=\u00bb1&#8243; size=\u00bblarge\u00bb align=\u00bbcenter\u00bb link=\u00bbhttps:\/\/conciencianacional.org\/wp-content\/uploads\/2018\/09\/r31649-029.pdf\u00bb target=\u00bbblank\u00bb]DESCARGAR[\/trx_button][vc_column_text]<\/p>\n<p style=\"text-align: center;\"><em>Fuente: Scientific Electronic Library Online (\u00a0<a href=\"http:\/\/www.scielo.org.co\/pdf\/rdes\/n29\/n29a08.pdf\">www.scielo.org.co<\/a> )<\/em><\/p>\n<p>[\/vc_column_text][\/vc_column][vc_column width=\u00bb1\/4&#8243;][vc_single_image image=\u00bb3666&#8243; img_size=\u00bbfull\u00bb alignment=\u00bbcenter\u00bb style=\u00bbvc_box_shadow\u00bb onclick=\u00bbcustom_link\u00bb img_link_target=\u00bb_blank\u00bb css_animation=\u00bbfadeInUp\u00bb link=\u00bbhttps:\/\/conciencianacional.org\/wp-content\/uploads\/2018\/09\/ConscientiousObjection_sp-030.pdf\u00bb][vc_empty_space][vc_column_text]<\/p>\n<h5 style=\"text-align: center;\">La objeci\u00f3n de conciencia al servicio militar<\/h5>\n<p>[\/vc_column_text][vc_empty_space][trx_button style=\u00bbborder\u00bb color_style=\u00bb1&#8243; size=\u00bblarge\u00bb align=\u00bbcenter\u00bb link=\u00bbhttps:\/\/conciencianacional.org\/wp-content\/uploads\/2018\/09\/ConscientiousObjection_sp-030.pdf\u00bb target=\u00bbblank\u00bb]DESCARGAR[\/trx_button][vc_column_text]<\/p>\n<p style=\"text-align: center;\"><em>Fuente: Corte Interamericana de Derechos Humanos (\u00a0<a href=\"http:\/\/www.corteidh.or.cr\/tablas\/r31649.pdf\">www.corteidh.or.cr<\/a> )<\/em><\/p>\n<p>[\/vc_column_text][\/vc_column][vc_column width=\u00bb1\/4&#8243;][vc_single_image image=\u00bb3673&#8243; img_size=\u00bbfull\u00bb alignment=\u00bbcenter\u00bb style=\u00bbvc_box_shadow\u00bb onclick=\u00bbcustom_link\u00bb img_link_target=\u00bb_blank\u00bb css_animation=\u00bbfadeInLeft\u00bb link=\u00bbhttps:\/\/conciencianacional.org\/wp-content\/uploads\/2018\/09\/INFORME-DE-RESULTADOS-EncuestaNacionalMexicoCreenciasyPracticasReligiosas-2017-04-032.pdf\u00bb][vc_empty_space][vc_column_text]<\/p>\n<h5 style=\"text-align: center;\">Encuesta Nacional sobre Creencias y Pr\u00e1cticas Religiosas en M\u00e9xico<\/h5>\n<p>[\/vc_column_text][vc_empty_space][trx_button style=\u00bbborder\u00bb color_style=\u00bb1&#8243; size=\u00bblarge\u00bb align=\u00bbcenter\u00bb link=\u00bbhttps:\/\/conciencianacional.org\/wp-content\/uploads\/2018\/09\/INFORME-DE-RESULTADOS-EncuestaNacionalMexicoCreenciasyPracticasReligiosas-2017-04-032.pdf\u00bb target=\u00bbblank\u00bb]DESCARGAR[\/trx_button][vc_column_text]<\/p>\n<p style=\"text-align: center;\"><em>Fuente: Red de Investigadores del Fen\u00f3meno Religioso en M\u00e9xico (\u00a0<a href=\"https:\/\/www.rifrem.mx\/publicacion\/encuesta-nacional-en-mexico-sobre-creencias-y-practicas-religiosas\/\">www.rifrem.mx<\/a> )<\/em><\/p>\n<p>[\/vc_column_text][\/vc_column][\/vc_row][vc_row css=\u00bb.vc_custom_1536189876812{padding-top: 80px !important;padding-bottom: 80px !important;}\u00bb][vc_column][vc_separator border_width=\u00bb3&#8243; css_animation=\u00bbbottom-to-top\u00bb][\/vc_column][\/vc_row][vc_row][vc_column width=\u00bb1\/4&#8243;][vc_single_image image=\u00bb3668&#8243; img_size=\u00bbfull\u00bb alignment=\u00bbcenter\u00bb style=\u00bbvc_box_shadow\u00bb onclick=\u00bbcustom_link\u00bb img_link_target=\u00bb_blank\u00bb css_animation=\u00bbfadeInRight\u00bb link=\u00bbhttps:\/\/conciencianacional.org\/wp-content\/uploads\/2018\/09\/43_expresiones-031.pdf\u00bb][vc_empty_space][vc_column_text]<\/p>\n<h5 style=\"text-align: center;\">Expresiones de ministros de culto en materia pol\u00edtico-electoral<\/h5>\n<p>[\/vc_column_text][vc_empty_space][trx_button style=\u00bbborder\u00bb color_style=\u00bb1&#8243; size=\u00bblarge\u00bb align=\u00bbcenter\u00bb link=\u00bbhttps:\/\/conciencianacional.org\/wp-content\/uploads\/2018\/09\/43_expresiones-031.pdf\u00bb target=\u00bbblank\u00bb]DESCARGAR[\/trx_button][vc_column_text]<\/p>\n<p style=\"text-align: center;\"><em>Fuente: Tribunal Electoral del Poder Judicial de la Federaci\u00f3n (\u00a0<a href=\"http:\/\/www.trife.gob.mx\/sites\/default\/files\/43_expresiones.pdf\">www.trife.gob.mx<\/a> )<\/em><\/p>\n<p>[\/vc_column_text][\/vc_column][vc_column width=\u00bb1\/4&#8243;][vc_single_image image=\u00bb3676&#8243; img_size=\u00bbfull\u00bb alignment=\u00bbcenter\u00bb style=\u00bbvc_box_shadow\u00bb onclick=\u00bbcustom_link\u00bb img_link_target=\u00bb_blank\u00bb css_animation=\u00bbfadeInDown\u00bb link=\u00bbhttps:\/\/conciencianacional.org\/wp-content\/uploads\/2018\/09\/derechos-033.pdf\u00bb][vc_empty_space][vc_column_text]<\/p>\n<h5 style=\"text-align: center;\">Convenci\u00f3n sobre los Derechos del Ni\u00f1o<\/h5>\n<p>[\/vc_column_text][vc_empty_space][trx_button style=\u00bbborder\u00bb color_style=\u00bb1&#8243; size=\u00bblarge\u00bb align=\u00bbcenter\u00bb link=\u00bbhttps:\/\/conciencianacional.org\/wp-content\/uploads\/2018\/09\/derechos-033.pdf\u00bb target=\u00bbblank\u00bb]DESCARGAR[\/trx_button][vc_column_text]<\/p>\n<p style=\"text-align: center;\"><em>Fuente: Naciones Unidas (\u00a0<a href=\"http:\/\/www.un.org\/es\/events\/childrenday\/pdf\/derechos.pdf\">www.un.org\/es<\/a> )<\/em><\/p>\n<p>[\/vc_column_text][\/vc_column][vc_column width=\u00bb1\/4&#8243;][vc_single_image image=\u00bb3677&#8243; img_size=\u00bbfull\u00bb alignment=\u00bbcenter\u00bb style=\u00bbvc_box_shadow\u00bb onclick=\u00bbcustom_link\u00bb img_link_target=\u00bb_blank\u00bb css_animation=\u00bbfadeInUp\u00bb link=\u00bbhttps:\/\/conciencianacional.org\/wp-content\/uploads\/2018\/09\/INST-04-034.pdf\u00bb][vc_empty_space][vc_column_text]<\/p>\n<h5 style=\"text-align: center;\">Declaraci\u00f3n Americana de los Derechos y Deberes del Hombre<\/h5>\n<p>[\/vc_column_text][vc_empty_space][trx_button style=\u00bbborder\u00bb color_style=\u00bb1&#8243; size=\u00bblarge\u00bb align=\u00bbcenter\u00bb link=\u00bbhttps:\/\/conciencianacional.org\/wp-content\/uploads\/2018\/09\/INST-04-034.pdf\u00bb target=\u00bbblank\u00bb]DESCARGAR[\/trx_button][vc_column_text]<\/p>\n<p style=\"text-align: center;\"><em>Fuente: Secretaria de Gobernaci\u00f3n (\u00a0<a href=\"http:\/\/www.ordenjuridico.gob.mx\/TratInt\/Derechos%20Humanos\/INST%2004.pdf\">www.ordenjuridico.gob.mx<\/a> )<\/em><\/p>\n<p>[\/vc_column_text][\/vc_column][vc_column width=\u00bb1\/4&#8243;][vc_single_image image=\u00bb3680&#8243; img_size=\u00bbfull\u00bb alignment=\u00bbcenter\u00bb style=\u00bbvc_box_shadow\u00bb onclick=\u00bbcustom_link\u00bb img_link_target=\u00bb_blank\u00bb css_animation=\u00bbfadeInRight\u00bb link=\u00bbhttps:\/\/conciencianacional.org\/wp-content\/uploads\/2018\/09\/4-CADH_51-035.pdf\u00bb][vc_empty_space][vc_column_text]<\/p>\n<h5 style=\"text-align: center;\">Convenci\u00f3n Americana Sobre Derechos Humanos &#8211; Pacto de San Jos\u00e9 de Costa Rica<\/h5>\n<p>[\/vc_column_text][vc_empty_space][trx_button style=\u00bbborder\u00bb color_style=\u00bb1&#8243; size=\u00bblarge\u00bb align=\u00bbcenter\u00bb link=\u00bbhttps:\/\/conciencianacional.org\/wp-content\/uploads\/2018\/09\/4-CADH_51-035.pdf\u00bb target=\u00bbblank\u00bb]DESCARGAR[\/trx_button][vc_column_text]<\/p>\n<p style=\"text-align: center;\"><em>Fuente: El Colegio de M\u00e9xico (\u00a0<a href=\"https:\/\/www.colmex.mx\/assets\/pdfs\/4-CADH_51.pdf\">www.colmex.mx<\/a> )<\/em><\/p>\n<p>[\/vc_column_text][\/vc_column][\/vc_row][vc_row css=\u00bb.vc_custom_1536189876812{padding-top: 80px !important;padding-bottom: 80px !important;}\u00bb][vc_column][vc_separator border_width=\u00bb3&#8243; css_animation=\u00bbbottom-to-top\u00bb][\/vc_column][\/vc_row][vc_row][vc_column width=\u00bb1\/4&#8243;][vc_single_image image=\u00bb3687&#8243; img_size=\u00bbfull\u00bb alignment=\u00bbcenter\u00bb style=\u00bbvc_box_shadow\u00bb onclick=\u00bbcustom_link\u00bb img_link_target=\u00bb_blank\u00bb css_animation=\u00bbfadeInLeft\u00bb link=\u00bbhttps:\/\/conciencianacional.org\/wp-content\/uploads\/2018\/09\/3-PIDESC_50-036.pdf\u00bb][vc_empty_space][vc_column_text]<\/p>\n<h5 style=\"text-align: center;\">Pacto Internacional de Derechos Econ\u00f3micos, Sociales y Culturales<\/h5>\n<p>[\/vc_column_text][vc_empty_space][trx_button style=\u00bbborder\u00bb color_style=\u00bb1&#8243; size=\u00bblarge\u00bb align=\u00bbcenter\u00bb link=\u00bbhttps:\/\/conciencianacional.org\/wp-content\/uploads\/2018\/09\/3-PIDESC_50-036.pdf\u00bb]DESCARGAR[\/trx_button][vc_column_text]<\/p>\n<p style=\"text-align: center;\"><em>Fuente: Colegio de M\u00e9xico (\u00a0<a href=\"https:\/\/www.colmex.mx\/assets\/pdfs\/3-PIDESC_50.pdf\">www.colmex.mx<\/a> )<\/em><\/p>\n<p>[\/vc_column_text][\/vc_column][vc_column width=\u00bb1\/4&#8243;][vc_single_image image=\u00bb3689&#8243; img_size=\u00bbfull\u00bb alignment=\u00bbcenter\u00bb style=\u00bbvc_box_shadow\u00bb onclick=\u00bbcustom_link\u00bb img_link_target=\u00bb_blank\u00bb css_animation=\u00bbfadeInDown\u00bb link=\u00bbhttps:\/\/conciencianacional.org\/wp-content\/uploads\/2018\/09\/2-PIDCP_49-037.pdf\u00bb][vc_empty_space][vc_column_text]<\/p>\n<h5 style=\"text-align: center;\">Pacto Internacional de Derechos Civiles y Pol\u00edticos<\/h5>\n<p>[\/vc_column_text][vc_empty_space][trx_button style=\u00bbborder\u00bb color_style=\u00bb1&#8243; size=\u00bblarge\u00bb align=\u00bbcenter\u00bb link=\u00bbhttps:\/\/conciencianacional.org\/wp-content\/uploads\/2018\/09\/2-PIDCP_49-037.pdf\u00bb target=\u00bbblank\u00bb]DESCARGAR[\/trx_button][vc_column_text]<\/p>\n<p style=\"text-align: center;\"><em>Fuente: Colegio de M\u00e9xico (\u00a0<a href=\"https:\/\/www.colmex.mx\/assets\/pdfs\/2-PIDCP_49.pdf\">www.colmex.mx<\/a> )<\/em><\/p>\n<p>[\/vc_column_text][\/vc_column][vc_column width=\u00bb1\/4&#8243;][vc_single_image image=\u00bb3690&#8243; img_size=\u00bbfull\u00bb alignment=\u00bbcenter\u00bb style=\u00bbvc_box_shadow\u00bb onclick=\u00bbcustom_link\u00bb img_link_target=\u00bb_blank\u00bb css_animation=\u00bbfadeInUp\u00bb link=\u00bbhttps:\/\/conciencianacional.org\/wp-content\/uploads\/2018\/09\/PI22BIS-038.pdf\u00bb][vc_empty_space][vc_column_text]<\/p>\n<h5 style=\"text-align: center;\">Convenci\u00f3n para la prevenci\u00f3n y la Sanci\u00f3n del Delito de Genocidio<\/h5>\n<p>[\/vc_column_text][vc_empty_space][trx_button style=\u00bbborder\u00bb color_style=\u00bb1&#8243; size=\u00bblarge\u00bb align=\u00bbcenter\u00bb link=\u00bbhttps:\/\/conciencianacional.org\/wp-content\/uploads\/2018\/09\/PI22BIS-038.pdf\u00bb target=\u00bbblank\u00bb]DESCARGAR[\/trx_button][vc_column_text]<\/p>\n<p style=\"text-align: center;\"><em>Fuente: Secretaria de Gobierno (\u00a0<a href=\"http:\/\/www.ordenjuridico.gob.mx\/TratInt\/Derechos%20Humanos\/PI22BIS.pdf\">www.ordenjuridico.gob.mx<\/a> )<\/em><\/p>\n<p>[\/vc_column_text][\/vc_column][vc_column width=\u00bb1\/4&#8243;][vc_single_image image=\u00bb3692&#8243; img_size=\u00bbfull\u00bb alignment=\u00bbcenter\u00bb style=\u00bbvc_box_shadow\u00bb onclick=\u00bbcustom_link\u00bb img_link_target=\u00bb_blank\u00bb css_animation=\u00bbfadeInRight\u00bb link=\u00bbhttps:\/\/conciencianacional.org\/wp-content\/uploads\/2018\/09\/ConvencionEliminacionDiscriminacionRacial-039.pdf\u00bb][vc_empty_space][vc_column_text]<\/p>\n<h5 style=\"text-align: center;\">Convenci\u00f3n Internacional sobre la eliminaci\u00f3n de todas las formas de Discriminaci\u00f3n Racial<\/h5>\n<p>[\/vc_column_text][vc_empty_space][trx_button style=\u00bbborder\u00bb color_style=\u00bb1&#8243; size=\u00bblarge\u00bb align=\u00bbcenter\u00bb link=\u00bbhttps:\/\/conciencianacional.org\/wp-content\/uploads\/2018\/09\/ConvencionEliminacionDiscriminacionRacial-039.pdf\u00bb target=\u00bbblank\u00bb]DESCARGAR[\/trx_button][vc_column_text]<\/p>\n<p style=\"text-align: center;\"><em>Fuente: Instituto Polit\u00e9cnico Nacional (\u00a0<a href=\"http:\/\/www.ipn.mx\/defensoria\/Documents\/Normatividad\/Normatividad-Internacional\/ConvencionEliminacionDiscriminacionRacial.pdf\">www.ipn.mx<\/a> )<\/em><\/p>\n<p>[\/vc_column_text][\/vc_column][\/vc_row][vc_row css=\u00bb.vc_custom_1536189876812{padding-top: 80px !important;padding-bottom: 80px !important;}\u00bb][vc_column][vc_separator border_width=\u00bb3&#8243; css_animation=\u00bbbottom-to-top\u00bb][\/vc_column][\/vc_row][vc_row][vc_column width=\u00bb1\/4&#8243;][vc_single_image image=\u00bb3695&#8243; img_size=\u00bbfull\u00bb alignment=\u00bbcenter\u00bb style=\u00bbvc_box_shadow\u00bb onclick=\u00bbcustom_link\u00bb img_link_target=\u00bb_blank\u00bb css_animation=\u00bbfadeInLeft\u00bb link=\u00bbhttps:\/\/conciencianacional.org\/wp-content\/uploads\/2018\/09\/INST-19-040.pdf\u00bb][vc_empty_space][vc_column_text]<\/p>\n<h5 style=\"text-align: center;\">Declaraci\u00f3n sobre la Eliminaci\u00f3n de todas las formas de Intolerancia y Discriminaci\u00f3n fundadas en la Religi\u00f3n o las Convicciones<\/h5>\n<p>[\/vc_column_text][vc_empty_space][trx_button style=\u00bbborder\u00bb color_style=\u00bb1&#8243; size=\u00bblarge\u00bb align=\u00bbcenter\u00bb link=\u00bbhttps:\/\/conciencianacional.org\/wp-content\/uploads\/2018\/09\/INST-19-040.pdf\u00bb target=\u00bbblank\u00bb]DESCARGAR[\/trx_button][vc_column_text]<\/p>\n<p style=\"text-align: center;\"><em>Fuente: Secretaria de Gobierno (\u00a0<a href=\"http:\/\/www.ordenjuridico.gob.mx\/TratInt\/Derechos%20Humanos\/INST%2019.pdf\">www.ordenjuridico.gob.mx<\/a> )<\/em><\/p>\n<p>[\/vc_column_text][\/vc_column][vc_column width=\u00bb1\/4&#8243;][vc_single_image image=\u00bb3697&#8243; img_size=\u00bbfull\u00bb alignment=\u00bbcenter\u00bb style=\u00bbvc_box_shadow\u00bb onclick=\u00bbcustom_link\u00bb img_link_target=\u00bb_blank\u00bb css_animation=\u00bbfadeInDown\u00bb link=\u00bbhttps:\/\/conciencianacional.org\/wp-content\/uploads\/2018\/09\/ares552-041.pdf\u00bb][vc_empty_space][vc_column_text]<\/p>\n<h5 style=\"text-align: center;\">Declaraci\u00f3n del Milenio<\/h5>\n<p>[\/vc_column_text][vc_empty_space][trx_button style=\u00bbborder\u00bb color_style=\u00bb1&#8243; size=\u00bblarge\u00bb align=\u00bbcenter\u00bb link=\u00bbhttps:\/\/conciencianacional.org\/wp-content\/uploads\/2018\/09\/ares552-041.pdf\u00bb target=\u00bbblank\u00bb]DESCARGAR[\/trx_button][vc_column_text]<\/p>\n<p style=\"text-align: center;\"><em>Fuente: Naciones Unidas (\u00a0<a href=\"http:\/\/www.un.org\/spanish\/milenio\/ares552.pdf\">www.un.org\/es<\/a> )<\/em><\/p>\n<p>[\/vc_column_text][\/vc_column][vc_column width=\u00bb1\/4&#8243;][vc_single_image image=\u00bb3699&#8243; img_size=\u00bbfull\u00bb alignment=\u00bbcenter\u00bb style=\u00bbvc_box_shadow\u00bb onclick=\u00bbcustom_link\u00bb img_link_target=\u00bb_blank\u00bb css_animation=\u00bbfadeInUp\u00bb link=\u00bbhttps:\/\/conciencianacional.org\/wp-content\/uploads\/2018\/09\/spn-042.pdf\u00bb][vc_empty_space][vc_column_text]<\/p>\n<h5 style=\"text-align: center;\">Declaraci\u00f3n Universal de Derechos Humanos<\/h5>\n<p>[\/vc_column_text][vc_empty_space][trx_button style=\u00bbborder\u00bb color_style=\u00bb1&#8243; size=\u00bblarge\u00bb align=\u00bbcenter\u00bb link=\u00bbhttps:\/\/conciencianacional.org\/wp-content\/uploads\/2018\/09\/spn-042.pdf\u00bb target=\u00bbblank\u00bb]DESCARGAR[\/trx_button][vc_column_text]<\/p>\n<p style=\"text-align: center;\"><em>Fuente: Naciones Unidas (\u00a0<a href=\"http:\/\/www.ohchr.org\/EN\/UDHR\/Documents\/UDHR_Translations\/spn.pdf\">www.ohchr.org<\/a> )<\/em><\/p>\n<p>[\/vc_column_text][\/vc_column][vc_column width=\u00bb1\/4&#8243;][vc_single_image image=\u00bb8123&#8243; img_size=\u00bbfull\u00bb alignment=\u00bbcenter\u00bb style=\u00bbvc_box_shadow\u00bb onclick=\u00bbcustom_link\u00bb img_link_target=\u00bb_blank\u00bb css_animation=\u00bbfadeInUp\u00bb link=\u00bbhttps:\/\/conciencianacional.org\/wp-content\/uploads\/2019\/04\/Booklet8Digital.pdf\u00bb][vc_empty_space][vc_column_text]<\/p>\n<h5 style=\"text-align: center;\">Folleto de Conciencia Nacional por la Libertad Religiosa<\/h5>\n<p>[\/vc_column_text][vc_empty_space][trx_button style=\u00bbborder\u00bb color_style=\u00bb1&#8243; size=\u00bblarge\u00bb align=\u00bbcenter\u00bb link=\u00bbhttps:\/\/conciencianacional.org\/wp-content\/uploads\/2019\/04\/Booklet8Digital.pdf\u00bb target=\u00bbblank\u00bb]DESCARGAR[\/trx_button][\/vc_column][\/vc_row][vc_row css=\u00bb.vc_custom_1536189876812{padding-top: 80px !important;padding-bottom: 80px !important;}\u00bb][vc_column][vc_separator border_width=\u00bb3&#8243; css_animation=\u00bbbottom-to-top\u00bb][\/vc_column][\/vc_row][vc_row][vc_column width=\u00bb1\/4&#8243;][vc_single_image image=\u00bb8125&#8243; img_size=\u00bbfull\u00bb alignment=\u00bbcenter\u00bb style=\u00bbvc_box_shadow\u00bb onclick=\u00bbcustom_link\u00bb img_link_target=\u00bb_blank\u00bb css_animation=\u00bbfadeInLeft\u00bb link=\u00bbhttps:\/\/conciencianacional.org\/wp-content\/uploads\/2022\/08\/LRparaNinosSoloTarjetascurvas-2.pdf\u00bb][vc_empty_space][vc_column_text]<\/p>\n<h5 style=\"text-align: center;\">D\u00edptico, Libertad Religiosa para Ni\u00f1os<\/h5>\n<p>[\/vc_column_text][vc_empty_space][trx_button style=\u00bbborder\u00bb color_style=\u00bb1&#8243; size=\u00bblarge\u00bb align=\u00bbcenter\u00bb link=\u00bbhttps:\/\/conciencianacional.org\/wp-content\/uploads\/2022\/08\/LRparaNinosSoloTarjetascurvas-2.pdf\u00bb target=\u00bbblank\u00bb]DESCARGAR[\/trx_button][\/vc_column][vc_column width=\u00bb1\/4&#8243;][vc_single_image image=\u00bb8124&#8243; img_size=\u00bbfull\u00bb alignment=\u00bbcenter\u00bb style=\u00bbvc_box_shadow\u00bb onclick=\u00bbcustom_link\u00bb img_link_target=\u00bb_blank\u00bb css_animation=\u00bbfadeInDown\u00bb link=\u00bbhttps:\/\/conciencianacional.org\/wp-content\/uploads\/2019\/04\/LRparaJovenesSTdigital.pdf\u00bb][vc_empty_space][vc_column_text]<\/p>\n<h5 style=\"text-align: center;\">D\u00edptico, Libertad Religiosa para J\u00f3venes<\/h5>\n<p>[\/vc_column_text][vc_empty_space][trx_button style=\u00bbborder\u00bb color_style=\u00bb1&#8243; size=\u00bblarge\u00bb align=\u00bbcenter\u00bb link=\u00bbhttps:\/\/conciencianacional.org\/wp-content\/uploads\/2019\/04\/LRparaJovenesSTdigital.pdf\u00bb target=\u00bbblank\u00bb]DESCARGAR[\/trx_button][\/vc_column][vc_column width=\u00bb1\/4&#8243;][vc_single_image image=\u00bb8126&#8243; img_size=\u00bbfull\u00bb alignment=\u00bbcenter\u00bb style=\u00bbvc_box_shadow\u00bb onclick=\u00bbcustom_link\u00bb img_link_target=\u00bb_blank\u00bb css_animation=\u00bbfadeInUp\u00bb link=\u00bbhttps:\/\/conciencianacional.org\/wp-content\/uploads\/2022\/08\/Guia-Sobre-LR-y-DHpaginas.pdf\u00bb][vc_empty_space][vc_column_text]<\/p>\n<h5 style=\"text-align: center;\">Gu\u00eda sobre Libertad Religiosa y Derechos Humanos<\/h5>\n<p>[\/vc_column_text][vc_empty_space][trx_button style=\u00bbborder\u00bb color_style=\u00bb1&#8243; size=\u00bblarge\u00bb align=\u00bbcenter\u00bb link=\u00bbhttps:\/\/conciencianacional.org\/wp-content\/uploads\/2022\/08\/Guia-Sobre-LR-y-DHpaginas.pdf\u00bb target=\u00bbblank\u00bb]DESCARGAR[\/trx_button][\/vc_column][vc_column width=\u00bb1\/4&#8243;][vc_single_image image=\u00bb8127&#8243; img_size=\u00bbfull\u00bb alignment=\u00bbcenter\u00bb style=\u00bbvc_box_shadow\u00bb onclick=\u00bbcustom_link\u00bb img_link_target=\u00bb_blank\u00bb css_animation=\u00bbfadeInUp\u00bb link=\u00bbhttps:\/\/conciencianacional.org\/wp-content\/uploads\/2022\/08\/Guia-Sobre-Art-y-Tratpaginas.pdf\u00bb][vc_empty_space][vc_column_text]<\/p>\n<h5 style=\"text-align: center;\">Gu\u00eda sobre Instrumentos que Protegen la Libertad Religiosa<\/h5>\n<p>[\/vc_column_text][vc_empty_space][trx_button style=\u00bbborder\u00bb color_style=\u00bb1&#8243; size=\u00bblarge\u00bb align=\u00bbcenter\u00bb link=\u00bbhttps:\/\/conciencianacional.org\/wp-content\/uploads\/2022\/08\/Guia-Sobre-Art-y-Tratpaginas.pdf\u00bb target=\u00bbblank\u00bb]DESCARGAR[\/trx_button][\/vc_column][\/vc_row][vc_row css=\u00bb.vc_custom_1536189876812{padding-top: 80px !important;padding-bottom: 80px !important;}\u00bb][vc_column][vc_separator border_width=\u00bb3&#8243; css_animation=\u00bbbottom-to-top\u00bb][\/vc_column][\/vc_row][vc_row][vc_column width=\u00bb1\/4&#8243;][vc_single_image image=\u00bb8962&#8243; img_size=\u00bbfull\u00bb alignment=\u00bbcenter\u00bb style=\u00bbvc_box_shadow\u00bb onclick=\u00bbcustom_link\u00bb img_link_target=\u00bb_blank\u00bb css_animation=\u00bbfadeInLeft\u00bb link=\u00bbhttps:\/\/conciencianacional.org\/wp-content\/uploads\/2022\/08\/acaparamientos-de-tierras-y-aguas-impactos-sobre-los-pueblos-indigenas-y-sus-convicciones-religiosas.pdf\u00bb][vc_empty_space][vc_column_text]<\/p>\n<h5 style=\"text-align: center;\">Acaparamientos de tierras y aguas: Impactos sobre los pueblos indi\u0301genas y sus convicciones religiosas<\/h5>\n<p>[\/vc_column_text][vc_empty_space][trx_button style=\u00bbborder\u00bb color_style=\u00bb1&#8243; size=\u00bblarge\u00bb align=\u00bbcenter\u00bb link=\u00bbhttps:\/\/conciencianacional.org\/wp-content\/uploads\/2022\/08\/acaparamientos-de-tierras-y-aguas-impactos-sobre-los-pueblos-indigenas-y-sus-convicciones-religiosas.pdf\u00bb target=\u00bbblank\u00bb]DESCARGAR[\/trx_button][vc_column_text]<\/p>\n<p style=\"text-align: center;\"><em>Fuente: Agencia Estatal Bolet\u00edn Oficial del Estado (Espa\u00f1a) (\u00a0<a href=\"https:\/\/www.boe.es\/publicaciones\/anuarios_derecho\/anuario.php?id=E_2018_ANUARIO_DE_DERECHO_ECLESI%C1STICO\">https:\/\/www.boe.es\/<\/a>\u00a0)<\/em><\/p>\n<p>[\/vc_column_text][\/vc_column][vc_column width=\u00bb1\/4&#8243;][vc_single_image image=\u00bb8961&#8243; img_size=\u00bbfull\u00bb alignment=\u00bbcenter\u00bb style=\u00bbvc_box_shadow\u00bb onclick=\u00bbcustom_link\u00bb img_link_target=\u00bb_blank\u00bb css_animation=\u00bbfadeInDown\u00bb link=\u00bbhttps:\/\/conciencianacional.org\/wp-content\/uploads\/2022\/08\/La-Proyeccion-de-la-Libertad-Religiosa-en-el-Conjunto-de-Derechos-y-Libertades.pdf\u00bb][vc_empty_space][vc_column_text]<\/p>\n<h5 style=\"text-align: center;\">La Proyeccio\u0301n de la Libertad Religiosa en el Conjunto de Derechos y Libertades<\/h5>\n<p>[\/vc_column_text][vc_empty_space][trx_button style=\u00bbborder\u00bb color_style=\u00bb1&#8243; size=\u00bblarge\u00bb align=\u00bbcenter\u00bb link=\u00bbhttps:\/\/conciencianacional.org\/wp-content\/uploads\/2022\/08\/La-Proyeccion-de-la-Libertad-Religiosa-en-el-Conjunto-de-Derechos-y-Libertades.pdf\u00bb target=\u00bbblank\u00bb]DESCARGAR[\/trx_button][vc_column_text]<\/p>\n<p style=\"text-align: center;\"><em>Fuente: Agencia Estatal Bolet\u00edn Oficial del Estado (Espa\u00f1a) (\u00a0<a href=\"https:\/\/www.boe.es\/publicaciones\/anuarios_derecho\/anuario.php?id=E_2018_ANUARIO_DE_DERECHO_ECLESI%C1STICO\">https:\/\/www.boe.es\/<\/a>\u00a0)<\/em><\/p>\n<p>[\/vc_column_text][\/vc_column][vc_column width=\u00bb1\/4&#8243;][vc_single_image image=\u00bb8960&#8243; img_size=\u00bbfull\u00bb alignment=\u00bbcenter\u00bb style=\u00bbvc_box_shadow\u00bb onclick=\u00bbcustom_link\u00bb img_link_target=\u00bb_blank\u00bb css_animation=\u00bbfadeInUp\u00bb link=\u00bbhttps:\/\/conciencianacional.org\/wp-content\/uploads\/2022\/08\/Conflictos-de-conciencia-y-servicios-publicos-algunos-supuestos.pdf\u00bb][vc_empty_space][vc_column_text]<\/p>\n<h5 style=\"text-align: center;\">Conflictos de conciencia y servicios pu\u0301blicos &#8211; algunos supuestos<\/h5>\n<p>[\/vc_column_text][vc_empty_space][trx_button style=\u00bbborder\u00bb color_style=\u00bb1&#8243; size=\u00bblarge\u00bb align=\u00bbcenter\u00bb link=\u00bbhttps:\/\/conciencianacional.org\/wp-content\/uploads\/2022\/08\/Conflictos-de-conciencia-y-servicios-publicos-algunos-supuestos.pdf\u00bb target=\u00bbblank\u00bb]DESCARGAR[\/trx_button][vc_column_text]<\/p>\n<p style=\"text-align: center;\"><em>Fuente: Agencia Estatal Bolet\u00edn Oficial del Estado (Espa\u00f1a) (\u00a0<a href=\"https:\/\/www.boe.es\/publicaciones\/anuarios_derecho\/anuario.php?id=E_2018_ANUARIO_DE_DERECHO_ECLESI%C1STICO\">https:\/\/www.boe.es\/<\/a>\u00a0)<\/em><\/p>\n<p>[\/vc_column_text][\/vc_column][vc_column width=\u00bb1\/4&#8243;][vc_single_image image=\u00bb8959&#8243; img_size=\u00bbfull\u00bb alignment=\u00bbcenter\u00bb style=\u00bbvc_box_shadow\u00bb onclick=\u00bbcustom_link\u00bb img_link_target=\u00bb_blank\u00bb css_animation=\u00bbfadeInUp\u00bb link=\u00bbhttps:\/\/conciencianacional.org\/wp-content\/uploads\/2022\/08\/Las-circuncisiones-rituales-de-menores-\u00bfacto-contra-la-infegridad-fisica-Perspecitivas-Civil-y-Penal.pdf\u00bb][vc_empty_space][vc_column_text]<\/p>\n<h5 style=\"text-align: center;\">Las circuncisiones rituales de menores &#8211; \u00bfacto contra la infegridad fi\u0301sica? Perspecitivas Civil y Penal<\/h5>\n<p>[\/vc_column_text][vc_empty_space][trx_button style=\u00bbborder\u00bb color_style=\u00bb1&#8243; size=\u00bblarge\u00bb align=\u00bbcenter\u00bb link=\u00bbhttps:\/\/conciencianacional.org\/wp-content\/uploads\/2022\/08\/Las-circuncisiones-rituales-de-menores-\u00bfacto-contra-la-infegridad-fisica-Perspecitivas-Civil-y-Penal.pdf\u00bb target=\u00bbblank\u00bb]DESCARGAR[\/trx_button][vc_column_text]<\/p>\n<p style=\"text-align: center;\"><em>Fuente: Agencia Estatal Bolet\u00edn Oficial del Estado (Espa\u00f1a) (\u00a0<a href=\"https:\/\/www.boe.es\/publicaciones\/anuarios_derecho\/anuario.php?id=E_2018_ANUARIO_DE_DERECHO_ECLESI%C1STICO\">https:\/\/www.boe.es\/<\/a>\u00a0)<\/em><\/p>\n<p>[\/vc_column_text][\/vc_column][\/vc_row][vc_row css=\u00bb.vc_custom_1536189876812{padding-top: 80px !important;padding-bottom: 80px !important;}\u00bb][vc_column][vc_separator border_width=\u00bb3&#8243; css_animation=\u00bbbottom-to-top\u00bb][\/vc_column][\/vc_row][vc_row][vc_column width=\u00bb1\/4&#8243;][vc_single_image image=\u00bb8958&#8243; img_size=\u00bbfull\u00bb alignment=\u00bbcenter\u00bb style=\u00bbvc_box_shadow\u00bb onclick=\u00bbcustom_link\u00bb img_link_target=\u00bb_blank\u00bb css_animation=\u00bbfadeInLeft\u00bb link=\u00bbhttps:\/\/conciencianacional.org\/wp-content\/uploads\/2022\/08\/Eficacia-Juridica-del-Principio-Constitucional-de-la-Dignidad-de-la-Persona.pdf\u00bb][vc_empty_space][vc_column_text]<\/p>\n<h5 style=\"text-align: center;\">Eficacia Juri\u0301dica del Principio Constitucional de la Dignidad de la Persona<\/h5>\n<p>[\/vc_column_text][vc_empty_space][trx_button style=\u00bbborder\u00bb color_style=\u00bb1&#8243; size=\u00bblarge\u00bb align=\u00bbcenter\u00bb link=\u00bbhttps:\/\/conciencianacional.org\/wp-content\/uploads\/2022\/08\/Eficacia-Juridica-del-Principio-Constitucional-de-la-Dignidad-de-la-Persona.pdf\u00bb target=\u00bbblank\u00bb]DESCARGAR[\/trx_button][vc_column_text]<\/p>\n<p style=\"text-align: center;\"><em>Fuente: Agencia Estatal Bolet\u00edn Oficial del Estado (Espa\u00f1a) (\u00a0<a href=\"https:\/\/www.boe.es\/publicaciones\/anuarios_derecho\/anuario.php?id=E_2018_ANUARIO_DE_DERECHO_ECLESI%C1STICO\">https:\/\/www.boe.es\/<\/a>\u00a0)<\/em><\/p>\n<p>[\/vc_column_text][\/vc_column][vc_column width=\u00bb1\/4&#8243;][vc_single_image image=\u00bb8957&#8243; img_size=\u00bbfull\u00bb alignment=\u00bbcenter\u00bb style=\u00bbvc_box_shadow\u00bb onclick=\u00bbcustom_link\u00bb img_link_target=\u00bb_blank\u00bb css_animation=\u00bbfadeInDown\u00bb link=\u00bbhttps:\/\/conciencianacional.org\/wp-content\/uploads\/2022\/08\/\u00bfEsta-la-religion-en-Fuera-de-juego-Reflexiones-Relativas-a-la-Presencia-de-Simbolos-Religiosos-en-el-Futbol.pdf\u00bb][vc_empty_space][vc_column_text]<\/p>\n<h5 style=\"text-align: center;\">\u00bfEsta\u0301 la religio\u0301n en Fuera de juego? Reflexiones Relativas a la Presencia de Si\u0301mbolos Religiosos en el Fu\u0301tbol<\/h5>\n<p>[\/vc_column_text][vc_empty_space][trx_button style=\u00bbborder\u00bb color_style=\u00bb1&#8243; size=\u00bblarge\u00bb align=\u00bbcenter\u00bb link=\u00bbhttps:\/\/conciencianacional.org\/wp-content\/uploads\/2022\/08\/\u00bfEsta-la-religion-en-Fuera-de-juego-Reflexiones-Relativas-a-la-Presencia-de-Simbolos-Religiosos-en-el-Futbol.pdf\u00bb target=\u00bbblank\u00bb]DESCARGAR[\/trx_button][vc_column_text]<\/p>\n<p style=\"text-align: center;\"><em>Fuente: Agencia Estatal Bolet\u00edn Oficial del Estado (Espa\u00f1a) (\u00a0<a href=\"https:\/\/www.boe.es\/publicaciones\/anuarios_derecho\/anuario.php?id=E_2018_ANUARIO_DE_DERECHO_ECLESI%C1STICO\">https:\/\/www.boe.es\/<\/a>\u00a0)<\/em><\/p>\n<p>[\/vc_column_text][\/vc_column][vc_column width=\u00bb1\/4&#8243;][vc_single_image image=\u00bb8956&#8243; img_size=\u00bbfull\u00bb alignment=\u00bbcenter\u00bb style=\u00bbvc_box_shadow\u00bb onclick=\u00bbcustom_link\u00bb img_link_target=\u00bb_blank\u00bb css_animation=\u00bbfadeInUp\u00bb link=\u00bbhttps:\/\/conciencianacional.org\/wp-content\/uploads\/2019\/05\/Las-asociaciones-constituidas-en-el-seno-de-las-iglesias-y-comunidades-religiosas-en-portugal-a-la-luz-de-la-ley-de-libertad-religiosa-de-2001-y-del-concordato-con-la-santa-sede-de-2004.pdf\u00bb][vc_empty_space][vc_column_text]<\/p>\n<h5 style=\"text-align: center;\">Las asociaciones constituidas en el seno de las iglesias y comunidades religiosas en portugal, a la luz de la ley de libertad religiosa de 2001 y del concordato con la santa sede de 2004<\/h5>\n<p>[\/vc_column_text][vc_empty_space][trx_button style=\u00bbborder\u00bb color_style=\u00bb1&#8243; size=\u00bblarge\u00bb align=\u00bbcenter\u00bb link=\u00bbhttps:\/\/conciencianacional.org\/wp-content\/uploads\/2019\/05\/Las-asociaciones-constituidas-en-el-seno-de-las-iglesias-y-comunidades-religiosas-en-portugal-a-la-luz-de-la-ley-de-libertad-religiosa-de-2001-y-del-concordato-con-la-santa-sede-de-2004.pdf\u00bb target=\u00bbblank\u00bb]DESCARGAR[\/trx_button][vc_column_text]<\/p>\n<p style=\"text-align: center;\"><em>Fuente: Agencia Estatal Bolet\u00edn Oficial del Estado (Espa\u00f1a) (\u00a0<a href=\"https:\/\/www.boe.es\/publicaciones\/anuarios_derecho\/anuario.php?id=E_2018_ANUARIO_DE_DERECHO_ECLESI%C1STICO\">https:\/\/www.boe.es\/<\/a>\u00a0)<\/em><\/p>\n<p>[\/vc_column_text][\/vc_column][vc_column width=\u00bb1\/4&#8243;][vc_single_image image=\u00bb8955&#8243; img_size=\u00bbfull\u00bb alignment=\u00bbcenter\u00bb style=\u00bbvc_box_shadow\u00bb onclick=\u00bbcustom_link\u00bb img_link_target=\u00bb_blank\u00bb css_animation=\u00bbfadeInUp\u00bb link=\u00bbhttps:\/\/conciencianacional.org\/wp-content\/uploads\/2022\/08\/La-cooperacion-entre-el-estado-y-las-asociaciones-religiosas-en-mexico-a-veinticinco-anos-de-las-reformas-constitucionales-de-1992.pdf\u00bb][vc_empty_space][vc_column_text]<\/p>\n<h5 style=\"text-align: center;\">La cooperacio\u0301n entre el estado y las asociaciones religiosas en Me\u0301xico a veinticinco an\u0303os de las reformas constitucionales de 1992<\/h5>\n<p>[\/vc_column_text][vc_empty_space][trx_button style=\u00bbborder\u00bb color_style=\u00bb1&#8243; size=\u00bblarge\u00bb align=\u00bbcenter\u00bb link=\u00bbhttps:\/\/conciencianacional.org\/wp-content\/uploads\/2022\/08\/La-cooperacion-entre-el-estado-y-las-asociaciones-religiosas-en-mexico-a-veinticinco-anos-de-las-reformas-constitucionales-de-1992.pdf\u00bb target=\u00bbblank\u00bb]DESCARGAR[\/trx_button][vc_column_text]<\/p>\n<p style=\"text-align: center;\"><em>Fuente: Agencia Estatal Bolet\u00edn Oficial del Estado (Espa\u00f1a) (\u00a0<a href=\"https:\/\/www.boe.es\/publicaciones\/anuarios_derecho\/anuario.php?id=E_2018_ANUARIO_DE_DERECHO_ECLESI%C1STICO\">https:\/\/www.boe.es\/<\/a>\u00a0)<\/em><\/p>\n<p>[\/vc_column_text][\/vc_column][\/vc_row][vc_row css=\u00bb.vc_custom_1536189876812{padding-top: 80px !important;padding-bottom: 80px !important;}\u00bb][vc_column][vc_separator border_width=\u00bb3&#8243; css_animation=\u00bbbottom-to-top\u00bb][\/vc_column][\/vc_row][vc_row][vc_column width=\u00bb1\/4&#8243;][vc_single_image image=\u00bb8954&#8243; img_size=\u00bbfull\u00bb alignment=\u00bbcenter\u00bb style=\u00bbvc_box_shadow\u00bb onclick=\u00bbcustom_link\u00bb img_link_target=\u00bb_blank\u00bb css_animation=\u00bbfadeInLeft\u00bb link=\u00bbhttps:\/\/conciencianacional.org\/wp-content\/uploads\/2022\/08\/Ayuntamientos-y-religion-El-creciente-papel-de-las-entidades-locales-en-la-cooperacion.pdf\u00bb][vc_empty_space][vc_column_text]<\/p>\n<h5 style=\"text-align: center;\">Ayuntamientos y religio\u0301n &#8211; El creciente papel de las entidades locales en la cooperacion<\/h5>\n<p>[\/vc_column_text][vc_empty_space][trx_button style=\u00bbborder\u00bb color_style=\u00bb1&#8243; size=\u00bblarge\u00bb align=\u00bbcenter\u00bb link=\u00bbhttps:\/\/conciencianacional.org\/wp-content\/uploads\/2022\/08\/Ayuntamientos-y-religion-El-creciente-papel-de-las-entidades-locales-en-la-cooperacion.pdf\u00bb target=\u00bbblank\u00bb]DESCARGAR[\/trx_button][vc_column_text]<\/p>\n<p style=\"text-align: center;\"><em>Fuente: Agencia Estatal Bolet\u00edn Oficial del Estado (Espa\u00f1a) (\u00a0<a href=\"https:\/\/www.boe.es\/publicaciones\/anuarios_derecho\/anuario.php?id=E_2018_ANUARIO_DE_DERECHO_ECLESI%C1STICO\">https:\/\/www.boe.es\/<\/a>\u00a0)<\/em><\/p>\n<p>[\/vc_column_text][\/vc_column][vc_column width=\u00bb1\/4&#8243;][vc_single_image image=\u00bb8953&#8243; img_size=\u00bbfull\u00bb alignment=\u00bbcenter\u00bb style=\u00bbvc_box_shadow\u00bb onclick=\u00bbcustom_link\u00bb img_link_target=\u00bb_blank\u00bb css_animation=\u00bbfadeInDown\u00bb link=\u00bbhttps:\/\/conciencianacional.org\/wp-content\/uploads\/2022\/08\/Las-reformas-introducidas-por-la-ley-de-la-jurisdiccion-voluntaria-en-los-matrimonios-de-confesiones-religiosas-distintas-de-la-catolica.pdf\u00bb][vc_empty_space][vc_column_text]<\/p>\n<h5 style=\"text-align: center;\">Las reformas introducidas por la ley de la jurisdiccio\u0301n voluntaria en los matrimonios de confesiones religiosas distintas de la cato\u0301lica<\/h5>\n<p>[\/vc_column_text][vc_empty_space][trx_button style=\u00bbborder\u00bb color_style=\u00bb1&#8243; size=\u00bblarge\u00bb align=\u00bbcenter\u00bb link=\u00bbhttps:\/\/conciencianacional.org\/wp-content\/uploads\/2022\/08\/Las-reformas-introducidas-por-la-ley-de-la-jurisdiccion-voluntaria-en-los-matrimonios-de-confesiones-religiosas-distintas-de-la-catolica.pdf\u00bb target=\u00bbblank\u00bb]DESCARGAR[\/trx_button][vc_column_text]<\/p>\n<p style=\"text-align: center;\"><em>Fuente: Agencia Estatal Bolet\u00edn Oficial del Estado (Espa\u00f1a) (\u00a0<a href=\"https:\/\/www.boe.es\/publicaciones\/anuarios_derecho\/anuario.php?id=E_2018_ANUARIO_DE_DERECHO_ECLESI%C1STICO\">https:\/\/www.boe.es\/<\/a>\u00a0)<\/em><\/p>\n<p>[\/vc_column_text][\/vc_column][vc_column width=\u00bb1\/4&#8243;][vc_single_image image=\u00bb9010&#8243; img_size=\u00bbfull\u00bb alignment=\u00bbcenter\u00bb style=\u00bbvc_box_shadow\u00bb onclick=\u00bbcustom_link\u00bb img_link_target=\u00bb_blank\u00bb css_animation=\u00bbfadeInUp\u00bb link=\u00bbhttps:\/\/conciencianacional.org\/wp-content\/uploads\/2019\/05\/Revelaciones-sobre-los-padres-fundadores-estadounidenses-y-su-legado-en-materia-de-relaciones-iglesia-estado-livertad-religiosa-y-asistencia-socio-religiosa.pdf\u00bb][vc_empty_space][vc_column_text]<\/p>\n<h5 style=\"text-align: center;\">Revelaciones sobre los padres fundadores estadounidenses y su legado en materia de relaciones iglesia-estado, libertad religiosa y asistencia socio-religiosa<\/h5>\n<p>[\/vc_column_text][vc_empty_space][trx_button style=\u00bbborder\u00bb color_style=\u00bb1&#8243; size=\u00bblarge\u00bb align=\u00bbcenter\u00bb link=\u00bbhttps:\/\/conciencianacional.org\/wp-content\/uploads\/2019\/05\/Revelaciones-sobre-los-padres-fundadores-estadounidenses-y-su-legado-en-materia-de-relaciones-iglesia-estado-livertad-religiosa-y-asistencia-socio-religiosa.pdf\u00bb target=\u00bbblank\u00bb]DESCARGAR[\/trx_button][vc_column_text]<\/p>\n<p style=\"text-align: center;\"><em>Fuente: Agencia Estatal Bolet\u00edn Oficial del Estado (Espa\u00f1a) (\u00a0<a href=\"https:\/\/www.boe.es\/publicaciones\/anuarios_derecho\/anuario.php?id=E_2018_ANUARIO_DE_DERECHO_ECLESI%C1STICO\">https:\/\/www.boe.es\/<\/a>\u00a0)<\/em><\/p>\n<p>[\/vc_column_text][\/vc_column][vc_column width=\u00bb1\/4&#8243;][vc_single_image image=\u00bb9008&#8243; img_size=\u00bbfull\u00bb alignment=\u00bbcenter\u00bb style=\u00bbvc_box_shadow\u00bb onclick=\u00bbcustom_link\u00bb img_link_target=\u00bb_blank\u00bb css_animation=\u00bbfadeInUp\u00bb link=\u00bbhttps:\/\/conciencianacional.org\/wp-content\/uploads\/2022\/08\/La-destruccion-de-los-edificios-religiosos-en-conflictos-belicos-\u00bfcrimen-de-guerra-A-proposito-de-la-sentencia-al-mahdi-del-tribunal-penal-internacional.pdf\u00bb][vc_empty_space][vc_column_text]<\/p>\n<h5 style=\"text-align: center;\">La destruccio\u0301n de los edificios religiosos en conflictos be\u0301licos \u00bfcrimen de guerra? &#8211; A propo\u0301sito de la sentencia Al Mahdi del tribunal penal internacional<\/h5>\n<p>[\/vc_column_text][vc_empty_space][trx_button style=\u00bbborder\u00bb color_style=\u00bb1&#8243; size=\u00bblarge\u00bb align=\u00bbcenter\u00bb link=\u00bbhttps:\/\/conciencianacional.org\/wp-content\/uploads\/2022\/08\/La-destruccion-de-los-edificios-religiosos-en-conflictos-belicos-\u00bfcrimen-de-guerra-A-proposito-de-la-sentencia-al-mahdi-del-tribunal-penal-internacional.pdf\u00bb target=\u00bbblank\u00bb]DESCARGAR[\/trx_button][vc_column_text]<\/p>\n<p style=\"text-align: center;\"><em>Fuente: Agencia Estatal Bolet\u00edn Oficial del Estado (Espa\u00f1a) (\u00a0<a href=\"https:\/\/www.boe.es\/publicaciones\/anuarios_derecho\/anuario.php?id=E_2018_ANUARIO_DE_DERECHO_ECLESI%C1STICO\">https:\/\/www.boe.es\/<\/a>\u00a0)<\/em><\/p>\n<p>[\/vc_column_text][\/vc_column][\/vc_row][vc_row css=\u00bb.vc_custom_1536189876812{padding-top: 80px !important;padding-bottom: 80px !important;}\u00bb][vc_column][vc_separator border_width=\u00bb3&#8243; css_animation=\u00bbbottom-to-top\u00bb][\/vc_column][\/vc_row][vc_row][vc_column width=\u00bb1\/4&#8243;][vc_single_image image=\u00bb8951&#8243; img_size=\u00bbfull\u00bb alignment=\u00bbcenter\u00bb style=\u00bbvc_box_shadow\u00bb onclick=\u00bbcustom_link\u00bb img_link_target=\u00bb_blank\u00bb css_animation=\u00bbfadeInLeft\u00bb link=\u00bbhttps:\/\/conciencianacional.org\/wp-content\/uploads\/2022\/08\/Impacto-de-la-doctrina-de-tedh-en-la-jurisprudencia-espanola-la-idoneidad-y-el-vinculo-de-especial-confianza-del-profesorado-de-religion.pdf\u00bb][vc_empty_space][vc_column_text]<\/p>\n<h5 style=\"text-align: center;\">Impacto de la doctrina de TEDH en la jurisprudencia espan\u0303ola: la idoneidad y el vi\u0301nculo de especial confianza del profesorado de religio\u0301n<\/h5>\n<p>[\/vc_column_text][vc_empty_space][trx_button style=\u00bbborder\u00bb color_style=\u00bb1&#8243; size=\u00bblarge\u00bb align=\u00bbcenter\u00bb link=\u00bbhttps:\/\/conciencianacional.org\/wp-content\/uploads\/2022\/08\/Impacto-de-la-doctrina-de-tedh-en-la-jurisprudencia-espanola-la-idoneidad-y-el-vinculo-de-especial-confianza-del-profesorado-de-religion.pdf\u00bb target=\u00bbblank\u00bb]DESCARGAR[\/trx_button][vc_column_text]<\/p>\n<p style=\"text-align: center;\"><em>Fuente: Agencia Estatal Bolet\u00edn Oficial del Estado (Espa\u00f1a) (\u00a0<a href=\"https:\/\/www.boe.es\/publicaciones\/anuarios_derecho\/anuario.php?id=E_2018_ANUARIO_DE_DERECHO_ECLESI%C1STICO\">https:\/\/www.boe.es\/<\/a>\u00a0)<\/em><\/p>\n<p>[\/vc_column_text][\/vc_column][vc_column width=\u00bb1\/4&#8243;][vc_single_image image=\u00bb9009&#8243; img_size=\u00bbfull\u00bb alignment=\u00bbcenter\u00bb style=\u00bbvc_box_shadow\u00bb onclick=\u00bbcustom_link\u00bb img_link_target=\u00bb_blank\u00bb css_animation=\u00bbfadeInDown\u00bb link=\u00bbhttps:\/\/conciencianacional.org\/wp-content\/uploads\/2022\/08\/La-gestion-publica-de-las-minorias-religiosas-en-Israel.pdf\u00bb][vc_empty_space][vc_column_text]<\/p>\n<h5 style=\"text-align: center;\">La gestio\u0301n pu\u0301blica de las minori\u0301as religiosas en Israel<\/h5>\n<p>[\/vc_column_text][vc_empty_space][trx_button style=\u00bbborder\u00bb color_style=\u00bb1&#8243; size=\u00bblarge\u00bb align=\u00bbcenter\u00bb link=\u00bbhttps:\/\/conciencianacional.org\/wp-content\/uploads\/2022\/08\/La-gestion-publica-de-las-minorias-religiosas-en-Israel.pdf\u00bb target=\u00bbblank\u00bb]DESCARGAR[\/trx_button][vc_column_text]<\/p>\n<p style=\"text-align: center;\"><em>Fuente: Agencia Estatal Bolet\u00edn Oficial del Estado (Espa\u00f1a) (\u00a0<a href=\"https:\/\/www.boe.es\/publicaciones\/anuarios_derecho\/anuario.php?id=E_2018_ANUARIO_DE_DERECHO_ECLESI%C1STICO\">https:\/\/www.boe.es\/<\/a>\u00a0)<\/em><\/p>\n<p>[\/vc_column_text][\/vc_column][vc_column width=\u00bb1\/4&#8243;][vc_single_image image=\u00bb9390&#8243; img_size=\u00bbfull\u00bb alignment=\u00bbcenter\u00bb style=\u00bbvc_box_shadow\u00bb onclick=\u00bbcustom_link\u00bb img_link_target=\u00bb_blank\u00bb css_animation=\u00bbfadeInDown\u00bb link=\u00bbhttps:\/\/conciencianacional.org\/wp-content\/uploads\/2022\/08\/LaCooperacionEntreElEstadoyLasAsociacionesReligiosas.pdf\u00bb][vc_empty_space][vc_column_text]<\/p>\n<h5 style=\"text-align: center;\">La cooperaci\u00f3n entre el Estado y las Asociaciones Religiosas en M\u00e9xico. a veinticinco a\u00f1os de las reformas constitucionales de 1992.<\/h5>\n<p>[\/vc_column_text][vc_empty_space][trx_button style=\u00bbborder\u00bb color_style=\u00bb1&#8243; size=\u00bblarge\u00bb align=\u00bbcenter\u00bb link=\u00bbhttps:\/\/conciencianacional.org\/wp-content\/uploads\/2022\/08\/LaCooperacionEntreElEstadoyLasAsociacionesReligiosas.pdf\u00bb target=\u00bbblank\u00bb]DESCARGAR[\/trx_button][\/vc_column][vc_column width=\u00bb1\/4&#8243;][vc_empty_space][vc_empty_space][\/vc_column][\/vc_row]<\/p>\n","protected":false},"excerpt":{"rendered":"<p>[vc_row][vc_column][vc_column_text][trx_events scheme=\u00bboriginal\u00bb align=\u00bbleft\u00bb title=\u00bbObras que apoyamos a su investigaci\u00f3n, publicaci\u00f3n y\/o promoci\u00f3n\u00bb cat=\u00bb0&#8243; columns=\u00bb1&#8243; count=\u00bb6&#8243; animation=\u00bbbounceInDown\u00bb][\/vc_column_text][\/vc_column][\/vc_row][vc_row][vc_column width=\u00bb1\/4&#8243;][vc_empty_space][vc_single_image image=\u00bb13737&#8243; img_size=\u00bbfull\u00bb alignment=\u00bbcenter\u00bb style=\u00bbvc_box_shadow\u00bb onclick=\u00bbcustom_link\u00bb img_link_target=\u00bb_blank\u00bb css_animation=\u00bbfadeInLeft\u00bb link=\u00bbhttps:\/\/conciencianacional.mitiendanube.com\/productos\/principio-de-laicidad-y-libertad-religiosa-el-rol-del-estado-en-la-sociedad-plural\/?pf=fbc\u00bb][vc_empty_space][vc_column_text] Principio de Laicidad y Libertad Religiosa: El Rol del Estado en la Sociedad Plural [\/vc_column_text][vc_empty_space][trx_button style=\u00bbborder\u00bb color_style=\u00bb1&#8243; size=\u00bblarge\u00bb align=\u00bbcenter\u00bb link=\u00bbhttps:\/\/conciencianacional.mitiendanube.com\/productos\/principio-de-laicidad-y-libertad-religiosa-el-rol-del-estado-en-la-sociedad-plural\/?pf=fbc\u00bb target=\u00bbblank\u00bb]COMPRAR[\/trx_button][vc_column_text] Gabriel\u00a0Gonz\u00e1lez Merlano (Coordinador) [\/vc_column_text][\/vc_column][vc_column width=\u00bb1\/4&#8243;][vc_empty_space][vc_single_image image=\u00bb13738&#8243; img_size=\u00bbfull\u00bb alignment=\u00bbcenter\u00bb style=\u00bbvc_box_shadow\u00bb [&hellip;]<\/p>\n","protected":false},"author":5,"featured_media":0,"parent":0,"menu_order":0,"comment_status":"closed","ping_status":"closed","template":"","meta":{"footnotes":""},"class_list":["post-2979","page","type-page","status-publish","hentry"],"_links":{"self":[{"href":"https:\/\/conciencianacional.org\/index.php?rest_route=\/wp\/v2\/pages\/2979","targetHints":{"allow":["GET"]}}],"collection":[{"href":"https:\/\/conciencianacional.org\/index.php?rest_route=\/wp\/v2\/pages"}],"about":[{"href":"https:\/\/conciencianacional.org\/index.php?rest_route=\/wp\/v2\/types\/page"}],"author":[{"embeddable":true,"href":"https:\/\/conciencianacional.org\/index.php?rest_route=\/wp\/v2\/users\/5"}],"replies":[{"embeddable":true,"href":"https:\/\/conciencianacional.org\/index.php?rest_route=%2Fwp%2Fv2%2Fcomments&post=2979"}],"version-history":[{"count":81,"href":"https:\/\/conciencianacional.org\/index.php?rest_route=\/wp\/v2\/pages\/2979\/revisions"}],"predecessor-version":[{"id":13751,"href":"https:\/\/conciencianacional.org\/index.php?rest_route=\/wp\/v2\/pages\/2979\/revisions\/13751"}],"wp:attachment":[{"href":"https:\/\/conciencianacional.org\/index.php?rest_route=%2Fwp%2Fv2%2Fmedia&parent=2979"}],"curies":[{"name":"wp","href":"https:\/\/api.w.org\/{rel}","templated":true}]}}